{"id":474,"date":"2023-06-28T07:24:30","date_gmt":"2023-06-28T07:24:30","guid":{"rendered":"https:\/\/ctmtest2.fr\/?page_id=474"},"modified":"2025-11-25T18:01:06","modified_gmt":"2025-11-25T18:01:06","slug":"presentation","status":"publish","type":"page","link":"https:\/\/ctm.ube.fr\/index.php\/presentation\/","title":{"rendered":"Pr\u00e9sentation"},"content":{"rendered":"\t\t<div data-elementor-type=\"wp-page\" data-elementor-id=\"474\" class=\"elementor elementor-474\">\n\t\t\t\t\t\t<section class=\"elementor-section elementor-top-section elementor-element elementor-element-927cf20 elementor-section-full_width elementor-section-stretched elementor-section-height-default elementor-section-height-default\" data-id=\"927cf20\" data-element_type=\"section\" data-e-type=\"section\" data-settings=\"{&quot;background_background&quot;:&quot;classic&quot;,&quot;stretch_section&quot;:&quot;section-stretched&quot;}\">\n\t\t\t\t\t\t<div class=\"elementor-container elementor-column-gap-default\">\n\t\t\t\t\t<div class=\"elementor-column elementor-col-100 elementor-top-column elementor-element elementor-element-f893f88\" data-id=\"f893f88\" data-element_type=\"column\" data-e-type=\"column\">\n\t\t\t<div class=\"elementor-widget-wrap elementor-element-populated\">\n\t\t\t\t\t\t<div class=\"elementor-element elementor-element-95dfcd6 elementor-widget elementor-widget-heading\" data-id=\"95dfcd6\" data-element_type=\"widget\" data-e-type=\"widget\" data-widget_type=\"heading.default\">\n\t\t\t\t<div class=\"elementor-widget-container\">\n\t\t\t\t\t<h2 class=\"elementor-heading-title elementor-size-default\">Center For Translational and Molecular Medecine<\/h2>\t\t\t\t<\/div>\n\t\t\t\t<\/div>\n\t\t\t\t<div class=\"elementor-element elementor-element-b1bc1bc elementor-widget elementor-widget-heading\" data-id=\"b1bc1bc\" data-element_type=\"widget\" data-e-type=\"widget\" data-widget_type=\"heading.default\">\n\t\t\t\t<div class=\"elementor-widget-container\">\n\t\t\t\t\t<h5 class=\"elementor-heading-title elementor-size-small\">Directeur UMR1231: Pr Fran\u00e7ois GHIRINGHELLI<br>\nDirecteur Adjoint UMR1231: Pr Dominique DELMAS<\/h5>\t\t\t\t<\/div>\n\t\t\t\t<\/div>\n\t\t\t\t<div class=\"elementor-element elementor-element-997859c elementor-widget-divider--view-line elementor-widget elementor-widget-divider\" data-id=\"997859c\" data-element_type=\"widget\" data-e-type=\"widget\" data-widget_type=\"divider.default\">\n\t\t\t\t<div class=\"elementor-widget-container\">\n\t\t\t\t\t\t\t<div class=\"elementor-divider\">\n\t\t\t<span class=\"elementor-divider-separator\">\n\t\t\t\t\t\t<\/span>\n\t\t<\/div>\n\t\t\t\t\t\t<\/div>\n\t\t\t\t<\/div>\n\t\t\t\t\t<\/div>\n\t\t<\/div>\n\t\t\t\t\t<\/div>\n\t\t<\/section>\n\t\t\t\t<section class=\"elementor-section elementor-top-section elementor-element elementor-element-b233102 elementor-section-full_width elementor-section-stretched elementor-section-height-default elementor-section-height-default\" data-id=\"b233102\" data-element_type=\"section\" data-e-type=\"section\" data-settings=\"{&quot;background_background&quot;:&quot;classic&quot;,&quot;stretch_section&quot;:&quot;section-stretched&quot;}\">\n\t\t\t\t\t\t<div class=\"elementor-container elementor-column-gap-default\">\n\t\t\t\t\t<div class=\"elementor-column elementor-col-33 elementor-top-column elementor-element elementor-element-bb5760f\" data-id=\"bb5760f\" data-element_type=\"column\" data-e-type=\"column\" data-settings=\"{&quot;background_background&quot;:&quot;classic&quot;}\">\n\t\t\t<div class=\"elementor-widget-wrap\">\n\t\t\t\t\t\t\t<\/div>\n\t\t<\/div>\n\t\t\t\t<div class=\"elementor-column elementor-col-33 elementor-top-column elementor-element elementor-element-b798bb0\" data-id=\"b798bb0\" data-element_type=\"column\" data-e-type=\"column\">\n\t\t\t<div class=\"elementor-widget-wrap elementor-element-populated\">\n\t\t\t\t\t\t<div class=\"elementor-element elementor-element-a5f83a6 elementor-widget elementor-widget-text-editor\" data-id=\"a5f83a6\" data-element_type=\"widget\" data-e-type=\"widget\" data-widget_type=\"text-editor.default\">\n\t\t\t\t<div class=\"elementor-widget-container\">\n\t\t\t\t\t\t\t\t\t<p><b>Historique, structure et localisation de l&rsquo;unit\u00e9<\/b><\/p><p>Le Centre de Recherche UMR1231- LNC a \u00e9t\u00e9 initialement cr\u00e9e en tant qu\u00a0\u00bbUMR866 \u00a0\u00bb Lipides, Nutrition, Cancer-LNC \u00a0\u00bb le 1er janvier 2007 et est issu du programme commun de plusieurs groupes qui a abouti \u00e0 la signature d&rsquo;un contrat de quatre ans avec l&rsquo;INSERM, l&rsquo;Universit\u00e9 de Bourgogne et l&rsquo;EPHE. Les \u00e9quipes fondatrices du Centre de Recherche LNC sont issues des unit\u00e9s INSERM U498 (\u00a0\u00bb M\u00e9tabolisme intravasculaire des lipoprot\u00e9ines \u00ab\u00a0), U517 (\u00a0\u00bb Mort cellulaire et cancer \u00ab\u00a0), et EPI-106 (\u00a0\u00bb Epid\u00e9miologie des cancers digestifs \u00ab\u00a0). Cette structure a \u00e9t\u00e9 cr\u00e9\u00e9e par Eric Solary, puis Laurent Lagrost est devenu le responsable de la structure. D&rsquo;autres groupes de l&rsquo;UFR des Sciences de la Vie, du CNRS et de l&rsquo;ENSBANA (aujourd&rsquo;hui AgroSup) ont rejoint l&rsquo;unit\u00e9 pour le contrat 2007-2011. Durant le second contrat 2012-2016, le Centre de Recherche du LNC comprenait 8 groupes distincts, soit 218 personnes (87 chercheurs\/enseignants-chercheurs + 68 techniciens\/ing\u00e9nieurs + 19 post-doctorants + 44 doctorants).Le 1er janvier 2017, l&rsquo;unit\u00e9 est devenue UMR1231. L&rsquo;EA4271 GAD dirig\u00e9e par Laurence Faivre et une \u00e9quipe ERC cr\u00e9\u00e9e par Lionel Apetoh ont alors rejoint le Centre LNC. La structure comprend 9 \u00e9quipes de 269 personnes (104 chercheurs\/enseignants-chercheurs + 87 techniciens\/ing\u00e9nieurs + 18 postdoctorants + 60 doctorants). Au 1er janvier 2020, le professeur Fran\u00e7ois Ghiringhelli est devenu le directeur de l&rsquo;unit\u00e9.<\/p><p>Cette structure g\u00e9n\u00e8re sa richesse scientifique par la diversit\u00e9 de ses th\u00e9matiques qui implique des chercheurs de haut niveau et reconnus internationalement dans des domaines aussi vari\u00e9s que la biologie du cancer (C Garrido), la Fibrose pulmonaire (P Bonniaud), la signalisation TNF (O Micheau), l&rsquo;immunologie tumorale (F Ghiringhelli), M\u00e9tabolisme des lipides et stress (L Lagrost et D Masson), pharmacocin\u00e9tique et dynamique des apolipoprot\u00e9ines, \u00e9pid\u00e9miologie du cancer digestif et h\u00e9matologie (C Lepage, M Maynadie), g\u00e9n\u00e9tique du d\u00e9veloppement (L Faivre et C Thauvin), neurog\u00e9n\u00e9tique de la souris (B Yalcin), h\u00e9matologie translationnelle (M Callanan et L Delva).<\/p><p style=\"font-weight: 400;\">Le Centre a \u00e9t\u00e9 renouvel\u00e9 pour 4 ans au 1 janvier 2024 et change de nom pour devenir le CTM\u00a0: <strong>Center for Translational and Molecular Medicine<\/strong>. Il comprend 9 \u00e9quipes avec la cr\u00e9ation d\u2019une \u00e9quipe labelis\u00e9e sur la signalisation des r\u00e9cepteurs de mort dirig\u00e9e par Olivier Micheau. La structure comprend actuellement 9 \u00e9quipes de 337 personnes (147 chercheurs\/enseignants-chercheurs, 110 techniciens\/ing\u00e9nieurs, 12 postdoctorants et 68 doctorants).<\/p>\t\t\t\t\t\t\t\t<\/div>\n\t\t\t\t<\/div>\n\t\t\t\t\t<\/div>\n\t\t<\/div>\n\t\t\t\t<div class=\"elementor-column elementor-col-33 elementor-top-column elementor-element elementor-element-90b315e\" data-id=\"90b315e\" data-element_type=\"column\" data-e-type=\"column\">\n\t\t\t<div class=\"elementor-widget-wrap elementor-element-populated\">\n\t\t\t\t\t\t<div class=\"elementor-element elementor-element-45cdfa6 elementor-widget elementor-widget-image\" data-id=\"45cdfa6\" data-element_type=\"widget\" data-e-type=\"widget\" data-widget_type=\"image.default\">\n\t\t\t\t<div class=\"elementor-widget-container\">\n\t\t\t\t\t\t\t\t\t\t\t\t\t\t\t<img fetchpriority=\"high\" decoding=\"async\" width=\"1013\" height=\"1024\" src=\"https:\/\/ctm.ube.fr\/wp-content\/uploads\/2023\/08\/CTM-LOGO-_2_-1-1013x1024.png\" class=\"attachment-large size-large wp-image-2232\" alt=\"\" srcset=\"https:\/\/ctm.ube.fr\/wp-content\/uploads\/2023\/08\/CTM-LOGO-_2_-1-1013x1024.png 1013w, https:\/\/ctm.ube.fr\/wp-content\/uploads\/2023\/08\/CTM-LOGO-_2_-1-297x300.png 297w, https:\/\/ctm.ube.fr\/wp-content\/uploads\/2023\/08\/CTM-LOGO-_2_-1-768x776.png 768w, https:\/\/ctm.ube.fr\/wp-content\/uploads\/2023\/08\/CTM-LOGO-_2_-1-1520x1536.png 1520w\" sizes=\"(max-width: 1013px) 100vw, 1013px\" \/>\t\t\t\t\t\t\t\t\t\t\t\t\t\t\t<\/div>\n\t\t\t\t<\/div>\n\t\t\t\t<div class=\"elementor-element elementor-element-f8a85a1 elementor-widget elementor-widget-image\" data-id=\"f8a85a1\" data-element_type=\"widget\" data-e-type=\"widget\" data-widget_type=\"image.default\">\n\t\t\t\t<div class=\"elementor-widget-container\">\n\t\t\t\t\t\t\t\t\t\t\t\t\t\t\t<img decoding=\"async\" width=\"1024\" height=\"1024\" src=\"https:\/\/ctm.ube.fr\/wp-content\/uploads\/2023\/08\/FGhiringhelli-web-1024x1024.jpg\" class=\"attachment-large size-large wp-image-2190\" alt=\"\" srcset=\"https:\/\/ctm.ube.fr\/wp-content\/uploads\/2023\/08\/FGhiringhelli-web-1024x1024.jpg 1024w, https:\/\/ctm.ube.fr\/wp-content\/uploads\/2023\/08\/FGhiringhelli-web-300x300.jpg 300w, https:\/\/ctm.ube.fr\/wp-content\/uploads\/2023\/08\/FGhiringhelli-web-150x150.jpg 150w, https:\/\/ctm.ube.fr\/wp-content\/uploads\/2023\/08\/FGhiringhelli-web-768x768.jpg 768w, https:\/\/ctm.ube.fr\/wp-content\/uploads\/2023\/08\/FGhiringhelli-web.jpg 1080w\" sizes=\"(max-width: 1024px) 100vw, 1024px\" \/>\t\t\t\t\t\t\t\t\t\t\t\t\t\t\t<\/div>\n\t\t\t\t<\/div>\n\t\t\t\t\t<\/div>\n\t\t<\/div>\n\t\t\t\t\t<\/div>\n\t\t<\/section>\n\t\t\t\t<section class=\"elementor-section elementor-top-section elementor-element elementor-element-252b364 elementor-section-full_width elementor-section-stretched elementor-section-height-default elementor-section-height-default\" data-id=\"252b364\" data-element_type=\"section\" data-e-type=\"section\" data-settings=\"{&quot;background_background&quot;:&quot;classic&quot;,&quot;stretch_section&quot;:&quot;section-stretched&quot;}\">\n\t\t\t\t\t\t<div class=\"elementor-container elementor-column-gap-default\">\n\t\t\t\t\t<div class=\"elementor-column elementor-col-100 elementor-top-column elementor-element elementor-element-e31a04c\" data-id=\"e31a04c\" data-element_type=\"column\" data-e-type=\"column\">\n\t\t\t<div class=\"elementor-widget-wrap elementor-element-populated\">\n\t\t\t\t\t\t<div class=\"elementor-element elementor-element-a071adf elementor-widget elementor-widget-accordion\" data-id=\"a071adf\" data-element_type=\"widget\" data-e-type=\"widget\" data-widget_type=\"accordion.default\">\n\t\t\t\t<div class=\"elementor-widget-container\">\n\t\t\t\t\t\t\t<div class=\"elementor-accordion\">\n\t\t\t\t\t\t\t<div class=\"elementor-accordion-item\">\n\t\t\t\t\t<div id=\"elementor-tab-title-1681\" class=\"elementor-tab-title\" data-tab=\"1\" role=\"button\" aria-controls=\"elementor-tab-content-1681\" aria-expanded=\"false\">\n\t\t\t\t\t\t\t\t\t\t\t\t\t<span class=\"elementor-accordion-icon elementor-accordion-icon-left\" aria-hidden=\"true\">\n\t\t\t\t\t\t\t\t\t\t\t\t\t\t\t<span class=\"elementor-accordion-icon-closed\"><i class=\"fas fa-plus\"><\/i><\/span>\n\t\t\t\t\t\t\t\t<span class=\"elementor-accordion-icon-opened\"><i class=\"fas fa-minus\"><\/i><\/span>\n\t\t\t\t\t\t\t\t\t\t\t\t\t\t<\/span>\n\t\t\t\t\t\t\t\t\t\t\t\t<a class=\"elementor-accordion-title\" tabindex=\"0\">Configuration  du centre au 01 Janvier 2024<\/a>\n\t\t\t\t\t<\/div>\n\t\t\t\t\t<div id=\"elementor-tab-content-1681\" class=\"elementor-tab-content elementor-clearfix\" data-tab=\"1\" role=\"region\" aria-labelledby=\"elementor-tab-title-1681\"><p>Les domaines scientifiques des \u00e9quipes du CTM au cours du contrat 2024-2027 sont les suivants :<\/p><ul><li><b><a href=\"https:\/\/ctm.u-bourgogne.fr\/index.php\/01-menu\/\">Th\u00e9rapies et r\u00e9ponse immunitaire dans les cancers : TIRECS<\/a><\/b>\u00a0&#8211; Fran\u00e7ois Ghiringhelli<\/li><li><b><a href=\"https:\/\/ctm.u-bourgogne.fr\/index.php\/02-theme\/\">Epigenetics, epidemiology and personalized treatment of hematological malignancies: Epi2THM<\/a><\/b>\u00a0\u2013 Marry Callanan<\/li><li><b><a href=\"https:\/\/ctm.u-bourgogne.fr\/index.php\/03-menu\/\">Prot\u00e9ines de choc thermique : mort cellulaire, diff\u00e9renciation cellulaire et propri\u00e9t\u00e9s tumorig\u00e9niques: HSP-PATHIES<\/a><\/b>\u00a0\u2013 Carmen Garrido<\/li><li><b><a href=\"https:\/\/ctm.u-bourgogne.fr\/index.php\/04-menu\/\">Epid\u00e9miologie et recherche clinique en oncologie digestive<\/a><\/b>\u00a0\u2013 C\u00f4me Lepage<\/li><li><a href=\"https:\/\/ctm.ube.fr\/index.php\/equipe-descartes\/\"><b>Death-Domain containing TNF Receptor Signal &amp; Transduction &amp; Cancer therapies\u00a0:\u00a0DesCarTes<\/b><\/a>\u00a0 &#8211; Olivier Micheau<\/li><li><b><a href=\"https:\/\/www.gad-bfc.org\/\">G\u00e9n\u00e9tique des anomalies du d\u00e9veloppement : GAD<\/a><\/b>\u00a0\u2013 Christel Tauvin<\/li><li><b><a href=\"https:\/\/ctm.u-bourgogne.fr\/index.php\/06-menu\/\">Physiopathologie des dyslipid\u00e9mies : PADYS<\/a><\/b>\u00a0\u2013 Bruno Verg\u00e8s<\/li><li><b><a href=\"https:\/\/ctm.u-bourgogne.fr\/index.php\/07-menu\/\">D\u00e9tection et m\u00e9tabolisme des lipides et des contaminants alimentaires dans la sph\u00e8re oro-digestive : NUTOX<\/a><\/b>\u00a0\u2013 Naim Kahn<\/li><li><b><a href=\"https:\/\/ctm.u-bourgogne.fr\/index.php\/08-menu\/\">Prot\u00e9ines de transfert des lipides et m\u00e9tabolisme des lipoprot\u00e9ines : LIPNESS<\/a><\/b>\u00a0\u2013 David Masson<\/li><\/ul><\/div>\n\t\t\t\t<\/div>\n\t\t\t\t\t\t\t\t\t\t<script type=\"application\/ld+json\">{\"@context\":\"https:\\\/\\\/schema.org\",\"@type\":\"FAQPage\",\"mainEntity\":[{\"@type\":\"Question\",\"name\":\"Configuration  du centre au 01 Janvier 2024\",\"acceptedAnswer\":{\"@type\":\"Answer\",\"text\":\"<p>Les domaines scientifiques des \\u00e9quipes du CTM au cours du contrat 2024-2027 sont les suivants :<\\\/p><ul><li><b><a href=\\\"https:\\\/\\\/ctm.u-bourgogne.fr\\\/index.php\\\/01-menu\\\/\\\">Th\\u00e9rapies et r\\u00e9ponse immunitaire dans les cancers : TIRECS<\\\/a><\\\/b>\\u00a0&#8211; Fran\\u00e7ois Ghiringhelli<\\\/li><li><b><a href=\\\"https:\\\/\\\/ctm.u-bourgogne.fr\\\/index.php\\\/02-theme\\\/\\\">Epigenetics, epidemiology and personalized treatment of hematological malignancies: Epi2THM<\\\/a><\\\/b>\\u00a0\\u2013 Marry Callanan<\\\/li><li><b><a href=\\\"https:\\\/\\\/ctm.u-bourgogne.fr\\\/index.php\\\/03-menu\\\/\\\">Prot\\u00e9ines de choc thermique : mort cellulaire, diff\\u00e9renciation cellulaire et propri\\u00e9t\\u00e9s tumorig\\u00e9niques: HSP-PATHIES<\\\/a><\\\/b>\\u00a0\\u2013 Carmen Garrido<\\\/li><li><b><a href=\\\"https:\\\/\\\/ctm.u-bourgogne.fr\\\/index.php\\\/04-menu\\\/\\\">Epid\\u00e9miologie et recherche clinique en oncologie digestive<\\\/a><\\\/b>\\u00a0\\u2013 C\\u00f4me Lepage<\\\/li><li><a href=\\\"https:\\\/\\\/ctm.ube.fr\\\/index.php\\\/equipe-descartes\\\/\\\"><b>Death-Domain containing TNF Receptor Signal &amp; Transduction &amp; Cancer therapies\\u00a0:\\u00a0DesCarTes<\\\/b><\\\/a>\\u00a0 &#8211; Olivier Micheau<\\\/li><li><b><a href=\\\"https:\\\/\\\/www.gad-bfc.org\\\/\\\">G\\u00e9n\\u00e9tique des anomalies du d\\u00e9veloppement : GAD<\\\/a><\\\/b>\\u00a0\\u2013 Christel Tauvin<\\\/li><li><b><a href=\\\"https:\\\/\\\/ctm.u-bourgogne.fr\\\/index.php\\\/06-menu\\\/\\\">Physiopathologie des dyslipid\\u00e9mies : PADYS<\\\/a><\\\/b>\\u00a0\\u2013 Bruno Verg\\u00e8s<\\\/li><li><b><a href=\\\"https:\\\/\\\/ctm.u-bourgogne.fr\\\/index.php\\\/07-menu\\\/\\\">D\\u00e9tection et m\\u00e9tabolisme des lipides et des contaminants alimentaires dans la sph\\u00e8re oro-digestive : NUTOX<\\\/a><\\\/b>\\u00a0\\u2013 Naim Kahn<\\\/li><li><b><a href=\\\"https:\\\/\\\/ctm.u-bourgogne.fr\\\/index.php\\\/08-menu\\\/\\\">Prot\\u00e9ines de transfert des lipides et m\\u00e9tabolisme des lipoprot\\u00e9ines : LIPNESS<\\\/a><\\\/b>\\u00a0\\u2013 David Masson<\\\/li><\\\/ul>\"}}]}<\/script>\n\t\t\t\t\t<\/div>\n\t\t\t\t\t\t<\/div>\n\t\t\t\t<\/div>\n\t\t\t\t\t<\/div>\n\t\t<\/div>\n\t\t\t\t\t<\/div>\n\t\t<\/section>\n\t\t\t\t<\/div>\n\t\t","protected":false},"excerpt":{"rendered":"<p>Center For Translational and Molecular Medecine Directeur UMR1231: Pr Fran\u00e7ois GHIRINGHELLI Directeur Adjoint UMR1231: Pr Dominique DELMAS Historique, structure et localisation de l&rsquo;unit\u00e9 Le Centre de Recherche UMR1231- LNC a \u00e9t\u00e9 initialement cr\u00e9e en tant qu\u00a0\u00bbUMR866 \u00a0\u00bb Lipides, Nutrition, Cancer-LNC \u00a0\u00bb le 1er janvier 2007 et est issu du programme commun de plusieurs groupes qui &#8230; <a title=\"Pr\u00e9sentation\" class=\"read-more\" href=\"https:\/\/ctm.ube.fr\/index.php\/presentation\/\" aria-label=\"En savoir plus sur Pr\u00e9sentation\">Lire la suite<\/a><\/p>\n","protected":false},"author":2,"featured_media":0,"parent":0,"menu_order":0,"comment_status":"closed","ping_status":"closed","template":"","meta":{"footnotes":""},"class_list":["post-474","page","type-page","status-publish"],"aioseo_notices":[],"_links":{"self":[{"href":"https:\/\/ctm.ube.fr\/index.php\/wp-json\/wp\/v2\/pages\/474","targetHints":{"allow":["GET"]}}],"collection":[{"href":"https:\/\/ctm.ube.fr\/index.php\/wp-json\/wp\/v2\/pages"}],"about":[{"href":"https:\/\/ctm.ube.fr\/index.php\/wp-json\/wp\/v2\/types\/page"}],"author":[{"embeddable":true,"href":"https:\/\/ctm.ube.fr\/index.php\/wp-json\/wp\/v2\/users\/2"}],"replies":[{"embeddable":true,"href":"https:\/\/ctm.ube.fr\/index.php\/wp-json\/wp\/v2\/comments?post=474"}],"version-history":[{"count":61,"href":"https:\/\/ctm.ube.fr\/index.php\/wp-json\/wp\/v2\/pages\/474\/revisions"}],"predecessor-version":[{"id":6756,"href":"https:\/\/ctm.ube.fr\/index.php\/wp-json\/wp\/v2\/pages\/474\/revisions\/6756"}],"wp:attachment":[{"href":"https:\/\/ctm.ube.fr\/index.php\/wp-json\/wp\/v2\/media?parent=474"}],"curies":[{"name":"wp","href":"https:\/\/api.w.org\/{rel}","templated":true}]}}