{"id":58,"date":"2023-05-10T11:54:52","date_gmt":"2023-05-10T11:54:52","guid":{"rendered":"https:\/\/ctmtest2.fr\/?page_id=58"},"modified":"2025-09-01T13:36:17","modified_gmt":"2025-09-01T13:36:17","slug":"actualites","status":"publish","type":"page","link":"https:\/\/ctm.ube.fr\/index.php\/actualites\/","title":{"rendered":"Actualit\u00e9s"},"content":{"rendered":"\t\t<div data-elementor-type=\"wp-page\" data-elementor-id=\"58\" class=\"elementor elementor-58\">\n\t\t\t\t\t\t<section class=\"elementor-section elementor-top-section elementor-element elementor-element-6364d74 elementor-section-full_width elementor-section-stretched elementor-section-height-default elementor-section-height-default\" data-id=\"6364d74\" data-element_type=\"section\" data-e-type=\"section\" data-settings=\"{&quot;background_background&quot;:&quot;classic&quot;,&quot;stretch_section&quot;:&quot;section-stretched&quot;}\">\n\t\t\t\t\t\t<div class=\"elementor-container elementor-column-gap-default\">\n\t\t\t\t\t<div class=\"elementor-column elementor-col-100 elementor-top-column elementor-element elementor-element-fe77474\" data-id=\"fe77474\" data-element_type=\"column\" data-e-type=\"column\">\n\t\t\t<div class=\"elementor-widget-wrap elementor-element-populated\">\n\t\t\t\t\t\t<div class=\"elementor-element elementor-element-a29b152 elementor-widget elementor-widget-heading\" data-id=\"a29b152\" data-element_type=\"widget\" data-e-type=\"widget\" data-widget_type=\"heading.default\">\n\t\t\t\t<div class=\"elementor-widget-container\">\n\t\t\t\t\t<h2 class=\"elementor-heading-title elementor-size-default\">Toutes les Actualit\u00e9s<\/h2>\t\t\t\t<\/div>\n\t\t\t\t<\/div>\n\t\t\t\t<div class=\"elementor-element elementor-element-6532c75 elementor-widget-divider--view-line elementor-widget elementor-widget-divider\" data-id=\"6532c75\" data-element_type=\"widget\" data-e-type=\"widget\" data-widget_type=\"divider.default\">\n\t\t\t\t<div class=\"elementor-widget-container\">\n\t\t\t\t\t\t\t<div class=\"elementor-divider\">\n\t\t\t<span class=\"elementor-divider-separator\">\n\t\t\t\t\t\t<\/span>\n\t\t<\/div>\n\t\t\t\t\t\t<\/div>\n\t\t\t\t<\/div>\n\t\t\t\t<div class=\"elementor-element elementor-element-41a6e63 elementor-widget elementor-widget-smart_post_show_pro_shortcode\" data-id=\"41a6e63\" data-element_type=\"widget\" data-e-type=\"widget\" data-widget_type=\"smart_post_show_pro_shortcode.default\">\n\t\t\t\t<div class=\"elementor-widget-container\">\n\t\t\t\t\t<style id=\"sp_pcp_dynamic_style497\">#pcp_wrapper-497:not(.sps-glossary-layout) .sp-pcp-row,#pcp_wrapper-497 .sps-glossary-items-group .sps-glossary-items-content {margin-right: -10px;margin-left: -10px;}#pcp_wrapper-497 .sp-pcp-row [class*='sp-pcp-col-']{padding-right: 10px;padding-left: 10px; padding-bottom:20px;}.pcp-wrapper-497 .sp-pcp-title a {color: #111;display: inherit;} .pcp-wrapper-497 .sp-pcp-title a:hover {color: #1e73be;}.pcp-wrapper-497 .sp-pcp-post-content{color: #444; }#pcp_wrapper-497 .sp-pcp-post {padding: 0 0 0 0;}#pcp_wrapper-497.sp-slider_layout .sp-pcp-post .sp-pcp-post-details {top: 0; right:0; bottom:0; left:0;}#pcp_wrapper-497 .sp-pcp-post {border: 0px solid #e2e2e2; border-radius: 0px }#pcp_wrapper-497 .sp-pcp-post{background-color: transparent;}#pcp_wrapper-497 .pcp-post-thumb-wrapper{border: 0px solid #dddddd;border-radius:0px;}.pcp-wrapper-497 .sp-pcp-post-meta li,.pcp-wrapper-497 .sp-pcp-post-meta ul,.pcp-wrapper-497 .sp-pcp-post-meta li a{color: #888;}.pcp-wrapper-497 .sp-pcp-post-meta li a:hover{color: #4a88bf;}#pcp_wrapper-497 .pcp-readmore-link{ background: transparent; color: #111; border: 1px solid #888; border-radius: 0px; } #pcp_wrapper-497 .pcp-readmore-link:hover { background-color: #1e73be; color: #fff; border-color: #1e73be; }#pcp_wrapper-497 .pcp-post-pagination .page-numbers.current, #pcp_wrapper-497 .pcp-post-pagination a.active , #pcp_wrapper-497 .pcp-post-pagination a:hover{ color: #1e73be; background: #1e73be; border-color: #e1624b; }#pcp_wrapper-497 .pcp-post-pagination .page-numbers, .pcp-post-pagination a{ background: #ffffff; color:#5e5e5e; border: 2px solid #bbbbbb;border-radius: 2px; }#pcp_wrapper-497 .pcp-post-pagination{text-align: left;}@media (min-width: 1200px) {.sp-pcp-row .sp-pcp-col-xl-1 {flex: 0 0 100%;}.sp-pcp-row .sp-pcp-col-xl-2 {flex: 1 1 calc( 50% - 20px);}.sp-pcp-row .sp-pcp-col-xl-3 {flex: 1 1 calc( 33.333% - 20px);}.sp-pcp-row .sp-pcp-col-xl-4 {flex: 1 1 calc( 25% - 20px);}.sp-pcp-row .sp-pcp-col-xl-5 { flex: 1 1 calc( 20% - 20px);}.sp-pcp-row .sp-pcp-col-xl-6 {flex: 1 1 calc( 16.66666666666667% - 20px);}.sp-pcp-row .sp-pcp-col-xl-7 {flex: 1 1 calc( 14.28571428% - 20px);}.sp-pcp-row .sp-pcp-col-xl-8 {flex: 1 1 calc( 12.5% - 20px);}}@media (max-width: 1200px) {.sp-pcp-row .sp-pcp-col-lg-1 {flex: 0 0 100%;}.sp-pcp-row .sp-pcp-col-lg-2 {flex: 1 1 calc( 50% - 20px);}.sp-pcp-row .sp-pcp-col-lg-3 {flex: 1 1 calc( 33.333% - 20px);}.sp-pcp-row .sp-pcp-col-lg-4 {flex: 1 1 calc( 25% - 20px);}.sp-pcp-row .sp-pcp-col-lg-5 { flex: 1 1 calc( 20% - 20px);}.sp-pcp-row .sp-pcp-col-lg-6 {flex: 1 1 calc( 16.66666666666667% - 20px);}.sp-pcp-row .sp-pcp-col-lg-7 {flex: 1 1 calc( 14.28571428% - 20px);}.sp-pcp-row .sp-pcp-col-lg-8 {flex: 1 1 calc( 12.5% - 20px);}}@media (max-width: 992px) {.sp-pcp-row .sp-pcp-col-md-1 {flex: 0 0 100%;}.sp-pcp-row .sp-pcp-col-md-2 {flex: 1 1 calc( 50% - 20px);}.sp-pcp-row .sp-pcp-col-md-2-5 {flex: 0 0 75%;}.sp-pcp-row .sp-pcp-col-md-3 {flex: 1 1 calc( 33.333% - 20px);}.sp-pcp-row .sp-pcp-col-md-4 {flex: 1 1 calc( 25% - 20px);}.sp-pcp-row .sp-pcp-col-md-5 { flex: 1 1 calc( 20% - 20px);}.sp-pcp-row .sp-pcp-col-md-6 {flex: 1 1 calc( 16.66666666666667% - 20px);}.sp-pcp-row .sp-pcp-col-md-7 {flex: 1 1 calc( 14.28571428% - 20px);}.sp-pcp-row .sp-pcp-col-md-8 {flex: 1 1 calc( 12.5% - 20px);}}@media (max-width: 768px) {.sp-pcp-row .sp-pcp-col-sm-1 {flex: 0 0 100%;}.sp-pcp-row .sp-pcp-col-sm-2 {flex: 1 1 calc( 50% - 20px);}.sp-pcp-row .sp-pcp-col-sm-2-5 {flex: 0 0 75%;}.sp-pcp-row .sp-pcp-col-sm-3 {flex: 1 1 calc( 33.333% - 20px);}.sp-pcp-row .sp-pcp-col-sm-4 {flex: 1 1 calc( 25% - 20px);}.sp-pcp-row .sp-pcp-col-sm-5 { flex: 1 1 calc( 20% - 20px);}.sp-pcp-row .sp-pcp-col-sm-6 {flex: 1 1 calc( 16.66666666666667% - 20px);}.sp-pcp-row .sp-pcp-col-sm-7 {flex: 1 1 calc( 14.28571428% - 20px);}.sp-pcp-row .sp-pcp-col-sm-8 {flex: 1 1 calc( 12.5% - 20px);}}@media (max-width: 420px) {.sp-pcp-row .sp-pcp-col-xs-1 {flex: 0 0 100%;}.sp-pcp-row .sp-pcp-col-xs-2 {flex: 1 1 calc( 50% - 20px);}.sp-pcp-row .sp-pcp-col-xs-3 {flex: 1 1 calc( 33.333% - 20px);}.sp-pcp-row .sp-pcp-col-xs-4 {flex: 1 1 calc( 25% - 20px);}.sp-pcp-row .sp-pcp-col-xs-5 { flex: 1 1 calc( 20% - 20px);}.sp-pcp-row .sp-pcp-col-xs-6 {flex: 1 1 calc( 16.66666666666667% - 20px);}.sp-pcp-row .sp-pcp-col-xs-7 {flex: 1 1 calc( 14.28571428% - 20px);}.sp-pcp-row .sp-pcp-col-xs-8 {flex: 1 1 calc( 12.5% - 20px);}}<\/style>\n<div id=\"pcp_wrapper-497\" class=\"sp-pcp-section sp-pcp-container pcp-wrapper-497\">\n\t<div class=\"sp-pcp-row\">\n\t\t\t\t<div class=\" sp-pcp-col-xs-1 sp-pcp-col-sm-3 sp-pcp-col-md-3 sp-pcp-col-lg-4 sp-pcp-col-xl-4\">\n\t\t\t<div class=\"sp-pcp-post default pcp-item-7079\" data-id=\"7079\">\n\t\t\t\t\t\t\t\t<div class=\"pcp-post-thumb-wrapper\">\n\t\t\t\t\t<div class=\"sp-pcp-post-thumb-area\">\n\t\t\t\t\t\t\t\t\t\t\t\t<a class=\"sp-pcp-thumb\" href=\"https:\/\/ctm.ube.fr\/index.php\/2026\/03\/11\/international-womens-rights-day-2026\/\" target=\"_self\" >\n\t\t\t\t\t\t\t\t\t\t\t\t\t<img fetchpriority=\"high\" decoding=\"async\" src=\"https:\/\/ctm.ube.fr\/wp-content\/uploads\/2026\/03\/March-8-2026-edited-scaled.jpg\" width=\"2560\" height=\"1440\" alt=\"\">\n\t\t\t\t\t\t<\/a>\n\t\t\t\t\t<\/div>\n\t\t\t\t<\/div>\n\t\t\t\t\t\t\t\t<div class=\"sp-pcp-post-details\">\n\t\t\t\t\t<div class=\"sp-pcp-post-details-content\">\n\t\t\t\t\t\t\t\t<h2 class=\"sp-pcp-title\">\n\t\t\t\t\t\t\t\t\t<a href=\"https:\/\/ctm.ube.fr\/index.php\/2026\/03\/11\/international-womens-rights-day-2026\/\"  target=\"_self\">International Women\u2019s Rights Day 2026<\/a>\t\t\t\t\t\t\t<\/h2>\n\t\t\t\t\t\t<div class=\"sp-pcp-post-meta\">\n\t\t\t<ul><li>\t\t\t\t\t<i class=\"fa fa-user\"><\/i>\n\t\t\t\t\t<a href=\"https:\/\/ctm.ube.fr\/index.php\/author\/el6220ja\/\"\n\t\t\t\t\t\trel=\"author\">Elise Jacquin<\/a>\n\t\t\t\t\t<\/li> <li>\t\t\t\t\t<i class=\"fa fa-calendar\"><\/i>\n\t\t\t\t\t<time class=\"entry-date published updated\">11\/03\/2026<\/time>\n\t\t\t\t\t<\/li><\/ul>\t\t<\/div>\n\t\t\t\t\t<div class=\"sp-pcp-post-content\">\n\t\t\t<p>To celebrate International Women\u2019s Rights Day, members of the CTM gathered together for a moment of discussion and reflection dedicated to gender equality in science. The event opened with a presentation by Dr. Fr\u00e9d\u00e9rique V\u00e9gran, who shared an insightful overview of gender equality within our research center and in academia, highlighting the importance of understanding ... <a title=\"International Women\u2019s Rights Day 2026\" class=\"read-more\" href=\"https:\/\/ctm.ube.fr\/index.php\/2026\/03\/11\/international-womens-rights-day-2026\/\" aria-label=\"En savoir plus sur International Women\u2019s Rights Day 2026\">Lire la suite<\/a><\/p>\n\t\t<div class=\"sp-pcp-readmore\">\n\t\t\t\t\t\t\t<a class=\"pcp-readmore-link\" target=\"_self\" href=\"https:\/\/ctm.ube.fr\/index.php\/2026\/03\/11\/international-womens-rights-day-2026\/\" >\n\t\t\t\t\t\tEn savoir plus <\/a>\n\t\t<\/div>\n\t\t\t\t\t<\/div>\n\t\t\t\t\t\t\t\t<\/div>\n\t\t\t\t<\/div>\n\t\t\t<\/div>\n\t\t<\/div>\n\t\t\t\t<div class=\" sp-pcp-col-xs-1 sp-pcp-col-sm-3 sp-pcp-col-md-3 sp-pcp-col-lg-4 sp-pcp-col-xl-4\">\n\t\t\t<div class=\"sp-pcp-post default pcp-item-6995\" data-id=\"6995\">\n\t\t\t\t\t\t\t\t<div class=\"pcp-post-thumb-wrapper\">\n\t\t\t\t\t<div class=\"sp-pcp-post-thumb-area\">\n\t\t\t\t\t\t\t\t\t\t\t\t<a class=\"sp-pcp-thumb\" href=\"https:\/\/ctm.ube.fr\/index.php\/2026\/03\/03\/cest-avec-une-profonde-tristesse-que-lensemble\/\" target=\"_self\" >\n\t\t\t\t\t\t\t\t\t\t\t\t\t<img decoding=\"async\" src=\"https:\/\/ctm.ube.fr\/wp-content\/uploads\/2026\/03\/obituary-Ali_GB-1.jpg\" width=\"1610\" height=\"1012\" alt=\"\">\n\t\t\t\t\t\t<\/a>\n\t\t\t\t\t<\/div>\n\t\t\t\t<\/div>\n\t\t\t\t\t\t\t\t<div class=\"sp-pcp-post-details\">\n\t\t\t\t\t<div class=\"sp-pcp-post-details-content\">\n\t\t\t\t\t\t\t\t<h2 class=\"sp-pcp-title\">\n\t\t\t\t\t\t\t\t\t<a href=\"https:\/\/ctm.ube.fr\/index.php\/2026\/03\/03\/cest-avec-une-profonde-tristesse-que-lensemble\/\"  target=\"_self\">C\u2019est avec une profonde tristesse que l\u2019ensemble du Centre de recherche a appris le d\u00e9c\u00e8s de notre coll\u00e8gue et ami,\u00a0Ali Bettaieb, \u00e0 l\u2019\u00e2ge de 70 ans<\/a>\t\t\t\t\t\t\t<\/h2>\n\t\t\t\t\t\t<div class=\"sp-pcp-post-meta\">\n\t\t\t<ul><li>\t\t\t\t\t<i class=\"fa fa-user\"><\/i>\n\t\t\t\t\t<a href=\"https:\/\/ctm.ube.fr\/index.php\/author\/omicheau\/\"\n\t\t\t\t\t\trel=\"author\">Olivier Micheau<\/a>\n\t\t\t\t\t<\/li> <li>\t\t\t\t\t<i class=\"fa fa-calendar\"><\/i>\n\t\t\t\t\t<time class=\"entry-date published updated\">03\/03\/2026<\/time>\n\t\t\t\t\t<\/li><\/ul>\t\t<\/div>\n\t\t\t\t\t<div class=\"sp-pcp-post-content\">\n\t\t\t<p>du Centre de recherche UMR1231 a appris le d\u00e9c\u00e8s de notre coll\u00e8gue et ami,&nbsp;Ali Bettaieb, \u00e0 l\u2019\u00e2ge de 70 ans. Chercheur passionn\u00e9 et rigoureux, Ali a consacr\u00e9 sa carri\u00e8re \u00e0 la compr\u00e9hension des m\u00e9canismes mol\u00e9culaires impliqu\u00e9s dans les&nbsp; pathologies h\u00e9matologiques et canc\u00e9reuses, contribuant activement au d\u00e9veloppement de nouvelles approches th\u00e9rapeutiques. \u00c0 Dijon, au sein du ... <a title=\"C\u2019est avec une profonde tristesse que l\u2019ensemble du Centre de recherche a appris le d\u00e9c\u00e8s de notre coll\u00e8gue et ami,\u00a0Ali Bettaieb, \u00e0 l\u2019\u00e2ge de 70 ans\" class=\"read-more\" href=\"https:\/\/ctm.ube.fr\/index.php\/2026\/03\/03\/cest-avec-une-profonde-tristesse-que-lensemble\/\" aria-label=\"En savoir plus sur C\u2019est avec une profonde tristesse que l\u2019ensemble du Centre de recherche a appris le d\u00e9c\u00e8s de notre coll\u00e8gue et ami,\u00a0Ali Bettaieb, \u00e0 l\u2019\u00e2ge de 70 ans\">Lire la suite<\/a><\/p>\n\t\t<div class=\"sp-pcp-readmore\">\n\t\t\t\t\t\t\t<a class=\"pcp-readmore-link\" target=\"_self\" href=\"https:\/\/ctm.ube.fr\/index.php\/2026\/03\/03\/cest-avec-une-profonde-tristesse-que-lensemble\/\" >\n\t\t\t\t\t\tEn savoir plus <\/a>\n\t\t<\/div>\n\t\t\t\t\t<\/div>\n\t\t\t\t\t\t\t\t<\/div>\n\t\t\t\t<\/div>\n\t\t\t<\/div>\n\t\t<\/div>\n\t\t\t\t<div class=\" sp-pcp-col-xs-1 sp-pcp-col-sm-3 sp-pcp-col-md-3 sp-pcp-col-lg-4 sp-pcp-col-xl-4\">\n\t\t\t<div class=\"sp-pcp-post default pcp-item-6969\" data-id=\"6969\">\n\t\t\t\t\t\t\t\t<div class=\"pcp-post-thumb-wrapper\">\n\t\t\t\t\t<div class=\"sp-pcp-post-thumb-area\">\n\t\t\t\t\t\t\t\t\t\t\t\t<a class=\"sp-pcp-thumb\" href=\"https:\/\/ctm.ube.fr\/index.php\/2026\/02\/11\/%e2%9c%a8-la-science-ne-peut-avancer-pleinement-sans-les-femmes-en-cette-11%e1%b5%89-edition-de-la-journee-internationale-des-femmes-et-des-filles-de-science-les-chercheur%c2%b7e%c2%b7s-du-ctm-reaffi\/\" target=\"_self\" >\n\t\t\t\t\t\t\t\t\t\t\t\t\t<img decoding=\"async\" src=\"https:\/\/ctm.ube.fr\/wp-content\/uploads\/2026\/02\/1770815092436.jpg\" width=\"1081\" height=\"498\" alt=\"\">\n\t\t\t\t\t\t<\/a>\n\t\t\t\t\t<\/div>\n\t\t\t\t<\/div>\n\t\t\t\t\t\t\t\t<div class=\"sp-pcp-post-details\">\n\t\t\t\t\t<div class=\"sp-pcp-post-details-content\">\n\t\t\t\t\t\t\t\t<h2 class=\"sp-pcp-title\">\n\t\t\t\t\t\t\t\t\t<a href=\"https:\/\/ctm.ube.fr\/index.php\/2026\/02\/11\/%e2%9c%a8-la-science-ne-peut-avancer-pleinement-sans-les-femmes-en-cette-11%e1%b5%89-edition-de-la-journee-internationale-des-femmes-et-des-filles-de-science-les-chercheur%c2%b7e%c2%b7s-du-ctm-reaffi\/\"  target=\"_self\">\u2728 La science ne peut avancer pleinement sans les femmes.En cette 11\u1d49 \u00e9dition de la Journ\u00e9e internationale des femmes et des filles de science, les chercheur\u00b7e\u00b7s du CTM r\u00e9affirment un engagement clair : rendre la recherche plus visible, plus \u00e9quitable et plus inclusive.<\/a>\t\t\t\t\t\t\t<\/h2>\n\t\t\t\t\t\t<div class=\"sp-pcp-post-meta\">\n\t\t\t<ul><li>\t\t\t\t\t<i class=\"fa fa-user\"><\/i>\n\t\t\t\t\t<a href=\"https:\/\/ctm.ube.fr\/index.php\/author\/fr3763he\/\"\n\t\t\t\t\t\trel=\"author\">Francois Hermetet<\/a>\n\t\t\t\t\t<\/li> <li>\t\t\t\t\t<i class=\"fa fa-calendar\"><\/i>\n\t\t\t\t\t<time class=\"entry-date published updated\">11\/02\/2026<\/time>\n\t\t\t\t\t<\/li><\/ul>\t\t<\/div>\n\t\t\t\t\t<div class=\"sp-pcp-post-content\">\n\t\t\t<p>\u00c0 l\u2019occasion de cette journ\u00e9e, nous rappelons une conviction profonde : l\u2019\u00e9galit\u00e9 en science ne se d\u00e9cr\u00e8te pas, elle se construit chaque jour.Soutenir les carri\u00e8res f\u00e9minines, encourager les vocations, accompagner les parcours, promouvoir un environnement exigeant et inclusif\u2026 autant d\u2019actions concr\u00e8tes et continues pour permettre \u00e0 tous les talents de s\u2019exprimer, d\u2019innover et de diriger.Nous ... <a title=\"\u2728 La science ne peut avancer pleinement sans les femmes.En cette 11\u1d49 \u00e9dition de la Journ\u00e9e internationale des femmes et des filles de science, les chercheur\u00b7e\u00b7s du CTM r\u00e9affirment un engagement clair : rendre la recherche plus visible, plus \u00e9quitable et plus inclusive.\" class=\"read-more\" href=\"https:\/\/ctm.ube.fr\/index.php\/2026\/02\/11\/%e2%9c%a8-la-science-ne-peut-avancer-pleinement-sans-les-femmes-en-cette-11%e1%b5%89-edition-de-la-journee-internationale-des-femmes-et-des-filles-de-science-les-chercheur%c2%b7e%c2%b7s-du-ctm-reaffi\/\" aria-label=\"En savoir plus sur \u2728 La science ne peut avancer pleinement sans les femmes.En cette 11\u1d49 \u00e9dition de la Journ\u00e9e internationale des femmes et des filles de science, les chercheur\u00b7e\u00b7s du CTM r\u00e9affirment un engagement clair : rendre la recherche plus visible, plus \u00e9quitable et plus inclusive.\">Lire la suite<\/a><\/p>\n\t\t<div class=\"sp-pcp-readmore\">\n\t\t\t\t\t\t\t<a class=\"pcp-readmore-link\" target=\"_self\" href=\"https:\/\/ctm.ube.fr\/index.php\/2026\/02\/11\/%e2%9c%a8-la-science-ne-peut-avancer-pleinement-sans-les-femmes-en-cette-11%e1%b5%89-edition-de-la-journee-internationale-des-femmes-et-des-filles-de-science-les-chercheur%c2%b7e%c2%b7s-du-ctm-reaffi\/\" >\n\t\t\t\t\t\tEn savoir plus <\/a>\n\t\t<\/div>\n\t\t\t\t\t<\/div>\n\t\t\t\t\t\t\t\t<\/div>\n\t\t\t\t<\/div>\n\t\t\t<\/div>\n\t\t<\/div>\n\t\t\t\t<div class=\" sp-pcp-col-xs-1 sp-pcp-col-sm-3 sp-pcp-col-md-3 sp-pcp-col-lg-4 sp-pcp-col-xl-4\">\n\t\t\t<div class=\"sp-pcp-post default pcp-item-6917\" data-id=\"6917\">\n\t\t\t\t\t\t\t\t<div class=\"pcp-post-thumb-wrapper\">\n\t\t\t\t\t<div class=\"sp-pcp-post-thumb-area\">\n\t\t\t\t\t\t\t\t\t\t\t\t<a class=\"sp-pcp-thumb\" href=\"https:\/\/ctm.ube.fr\/index.php\/2026\/01\/12\/le-doctorat-saffirme-une-voix-commune-pour-son-rayonnement-%f0%9f%8e%93\/\" target=\"_self\" >\n\t\t\t\t\t\t\t\t\t\t\t\t\t<img loading=\"lazy\" decoding=\"async\" src=\"https:\/\/ctm.ube.fr\/wp-content\/uploads\/2026\/01\/IMG-20260111-WA0004.jpg\" width=\"1169\" height=\"1712\" alt=\"\">\n\t\t\t\t\t\t<\/a>\n\t\t\t\t\t<\/div>\n\t\t\t\t<\/div>\n\t\t\t\t\t\t\t\t<div class=\"sp-pcp-post-details\">\n\t\t\t\t\t<div class=\"sp-pcp-post-details-content\">\n\t\t\t\t\t\t\t\t<h2 class=\"sp-pcp-title\">\n\t\t\t\t\t\t\t\t\t<a href=\"https:\/\/ctm.ube.fr\/index.php\/2026\/01\/12\/le-doctorat-saffirme-une-voix-commune-pour-son-rayonnement-%f0%9f%8e%93\/\"  target=\"_self\">Le doctorat s\u2019affirme : une voix commune pour son rayonnement ! \ud83c\udf93<\/a>\t\t\t\t\t\t\t<\/h2>\n\t\t\t\t\t\t<div class=\"sp-pcp-post-meta\">\n\t\t\t<ul><li>\t\t\t\t\t<i class=\"fa fa-user\"><\/i>\n\t\t\t\t\t<a href=\"https:\/\/ctm.ube.fr\/index.php\/author\/fr3763he\/\"\n\t\t\t\t\t\trel=\"author\">Francois Hermetet<\/a>\n\t\t\t\t\t<\/li> <li>\t\t\t\t\t<i class=\"fa fa-calendar\"><\/i>\n\t\t\t\t\t<time class=\"entry-date published updated\">12\/01\/2026<\/time>\n\t\t\t\t\t<\/li><\/ul>\t\t<\/div>\n\t\t\t\t\t<div class=\"sp-pcp-post-content\">\n\t\t\t<p>Nous sommes heureux de mettre en lumi\u00e8re l\u2019implication de M\u00e9lanie Bruchard, chercheuse \u00e0 l&rsquo;UMR1231 CTM DIJON INSERM, ambassadrice du doctorat et cosignataire de la tribune publi\u00e9e aujourd\u2019hui dans Les Echos.Cette prise de parole collective, premi\u00e8re expression officielle du r\u00e9seau des docteurs ambassadeurs cr\u00e9\u00e9 \u00e0 la suite du rapport Lazarus-Pommier, r\u00e9affirme avec force la place du ... <a title=\"Le doctorat s\u2019affirme : une voix commune pour son rayonnement ! \ud83c\udf93\" class=\"read-more\" href=\"https:\/\/ctm.ube.fr\/index.php\/2026\/01\/12\/le-doctorat-saffirme-une-voix-commune-pour-son-rayonnement-%f0%9f%8e%93\/\" aria-label=\"En savoir plus sur Le doctorat s\u2019affirme : une voix commune pour son rayonnement ! \ud83c\udf93\">Lire la suite<\/a><\/p>\n\t\t<div class=\"sp-pcp-readmore\">\n\t\t\t\t\t\t\t<a class=\"pcp-readmore-link\" target=\"_self\" href=\"https:\/\/ctm.ube.fr\/index.php\/2026\/01\/12\/le-doctorat-saffirme-une-voix-commune-pour-son-rayonnement-%f0%9f%8e%93\/\" >\n\t\t\t\t\t\tEn savoir plus <\/a>\n\t\t<\/div>\n\t\t\t\t\t<\/div>\n\t\t\t\t\t\t\t\t<\/div>\n\t\t\t\t<\/div>\n\t\t\t<\/div>\n\t\t<\/div>\n\t\t\t\t<div class=\" sp-pcp-col-xs-1 sp-pcp-col-sm-3 sp-pcp-col-md-3 sp-pcp-col-lg-4 sp-pcp-col-xl-4\">\n\t\t\t<div class=\"sp-pcp-post default pcp-item-6910\" data-id=\"6910\">\n\t\t\t\t\t\t\t\t<div class=\"pcp-post-thumb-wrapper\">\n\t\t\t\t\t<div class=\"sp-pcp-post-thumb-area\">\n\t\t\t\t\t\t\t\t\t\t\t\t<a class=\"sp-pcp-thumb\" href=\"https:\/\/ctm.ube.fr\/index.php\/2025\/11\/28\/lumr-1231-ctm-dijon-inserm-mis-a-lhonneur-au-14e-forum-du-canceropole-est-%f0%9f%91%8f%f0%9f%8f%86\/\" target=\"_self\" >\n\t\t\t\t\t\t\t\t\t\t\t\t\t<img loading=\"lazy\" decoding=\"async\" src=\"https:\/\/ctm.ube.fr\/wp-content\/uploads\/2025\/11\/1764690789366.jpg\" width=\"800\" height=\"600\" alt=\"\">\n\t\t\t\t\t\t<\/a>\n\t\t\t\t\t<\/div>\n\t\t\t\t<\/div>\n\t\t\t\t\t\t\t\t<div class=\"sp-pcp-post-details\">\n\t\t\t\t\t<div class=\"sp-pcp-post-details-content\">\n\t\t\t\t\t\t\t\t<h2 class=\"sp-pcp-title\">\n\t\t\t\t\t\t\t\t\t<a href=\"https:\/\/ctm.ube.fr\/index.php\/2025\/11\/28\/lumr-1231-ctm-dijon-inserm-mis-a-lhonneur-au-14e-forum-du-canceropole-est-%f0%9f%91%8f%f0%9f%8f%86\/\"  target=\"_self\">L&rsquo;UMR 1231 CTM DIJON INSERM mis \u00e0 l\u2019honneur au 14e Forum du Canc\u00e9rop\u00f4le Est ! \ud83d\udc4f\ud83c\udfc6<\/a>\t\t\t\t\t\t\t<\/h2>\n\t\t\t\t\t\t<div class=\"sp-pcp-post-meta\">\n\t\t\t<ul><li>\t\t\t\t\t<i class=\"fa fa-user\"><\/i>\n\t\t\t\t\t<a href=\"https:\/\/ctm.ube.fr\/index.php\/author\/fr3763he\/\"\n\t\t\t\t\t\trel=\"author\">Francois Hermetet<\/a>\n\t\t\t\t\t<\/li> <li>\t\t\t\t\t<i class=\"fa fa-calendar\"><\/i>\n\t\t\t\t\t<time class=\"entry-date published updated\">28\/11\/2025<\/time>\n\t\t\t\t\t<\/li><\/ul>\t\t<\/div>\n\t\t\t\t\t<div class=\"sp-pcp-post-content\">\n\t\t\t<p>Les chercheurs du CTM DIJON INSERM \u00e9taient pr\u00e9sents au 14e Forum du Canc\u00e9rop\u00f4le Est \u00e0 Besan\u00e7on les 27 et 28 novembre derniers. Ils ont pr\u00e9sent\u00e9 leurs travaux et 2 de nos doctorantes ont \u00e9t\u00e9 laur\u00e9ates des prix de la Fondation ARC pour la recherche sur le cancer pour la meilleure communication orale et de Ligue ... <a title=\"L&rsquo;UMR 1231 CTM DIJON INSERM mis \u00e0 l\u2019honneur au 14e Forum du Canc\u00e9rop\u00f4le Est ! \ud83d\udc4f\ud83c\udfc6\" class=\"read-more\" href=\"https:\/\/ctm.ube.fr\/index.php\/2025\/11\/28\/lumr-1231-ctm-dijon-inserm-mis-a-lhonneur-au-14e-forum-du-canceropole-est-%f0%9f%91%8f%f0%9f%8f%86\/\" aria-label=\"En savoir plus sur L&rsquo;UMR 1231 CTM DIJON INSERM mis \u00e0 l\u2019honneur au 14e Forum du Canc\u00e9rop\u00f4le Est ! \ud83d\udc4f\ud83c\udfc6\">Lire la suite<\/a><\/p>\n\t\t<div class=\"sp-pcp-readmore\">\n\t\t\t\t\t\t\t<a class=\"pcp-readmore-link\" target=\"_self\" href=\"https:\/\/ctm.ube.fr\/index.php\/2025\/11\/28\/lumr-1231-ctm-dijon-inserm-mis-a-lhonneur-au-14e-forum-du-canceropole-est-%f0%9f%91%8f%f0%9f%8f%86\/\" >\n\t\t\t\t\t\tEn savoir plus <\/a>\n\t\t<\/div>\n\t\t\t\t\t<\/div>\n\t\t\t\t\t\t\t\t<\/div>\n\t\t\t\t<\/div>\n\t\t\t<\/div>\n\t\t<\/div>\n\t\t\t\t<div class=\" sp-pcp-col-xs-1 sp-pcp-col-sm-3 sp-pcp-col-md-3 sp-pcp-col-lg-4 sp-pcp-col-xl-4\">\n\t\t\t<div class=\"sp-pcp-post default pcp-item-6719\" data-id=\"6719\">\n\t\t\t\t\t\t\t\t<div class=\"pcp-post-thumb-wrapper\">\n\t\t\t\t\t<div class=\"sp-pcp-post-thumb-area\">\n\t\t\t\t\t\t\t\t\t\t\t\t<a class=\"sp-pcp-thumb\" href=\"https:\/\/ctm.ube.fr\/index.php\/2025\/09\/30\/dr-isabelle-dugail-from-the-nutriomics-lab-umrs-1269-paris-france-mitochondrial-transfer-as-a-novel-player-in-metabolic-diseases\/\" target=\"_self\" >\n\t\t\t\t\t\t\t\t\t\t\t\t\t<img loading=\"lazy\" decoding=\"async\" src=\"https:\/\/ctm.ube.fr\/wp-content\/uploads\/2024\/06\/CTM-LOGO-Meetings.jpg\" width=\"2461\" height=\"1821\" alt=\"\">\n\t\t\t\t\t\t<\/a>\n\t\t\t\t\t<\/div>\n\t\t\t\t<\/div>\n\t\t\t\t\t\t\t\t<div class=\"sp-pcp-post-details\">\n\t\t\t\t\t<div class=\"sp-pcp-post-details-content\">\n\t\t\t\t\t\t\t\t<h2 class=\"sp-pcp-title\">\n\t\t\t\t\t\t\t\t\t<a href=\"https:\/\/ctm.ube.fr\/index.php\/2025\/09\/30\/dr-isabelle-dugail-from-the-nutriomics-lab-umrs-1269-paris-france-mitochondrial-transfer-as-a-novel-player-in-metabolic-diseases\/\"  target=\"_self\">Dr Isabelle Dugail from the Nutriomics lab (UMRS 1269, Paris, France) &#8211; \u00ab\u00a0Mitochondrial transfer as a novel player in metabolic diseases\u00a0\u00bb.<\/a>\t\t\t\t\t\t\t<\/h2>\n\t\t\t\t\t\t<div class=\"sp-pcp-post-meta\">\n\t\t\t<ul><li>\t\t\t\t\t<i class=\"fa fa-user\"><\/i>\n\t\t\t\t\t<a href=\"https:\/\/ctm.ube.fr\/index.php\/author\/omicheau\/\"\n\t\t\t\t\t\trel=\"author\">Olivier Micheau<\/a>\n\t\t\t\t\t<\/li> <li>\t\t\t\t\t<i class=\"fa fa-calendar\"><\/i>\n\t\t\t\t\t<time class=\"entry-date published updated\">30\/09\/2025<\/time>\n\t\t\t\t\t<\/li><\/ul>\t\t<\/div>\n\t\t\t\t\t<div class=\"sp-pcp-post-content\">\n\t\t\t<p>\u00a0 Monday (October 6)\u00a0from 1 to 2 pm in room R46 (UFR des Sciences de Sant\u00e9). Abstract<\/p>\n\t\t<div class=\"sp-pcp-readmore\">\n\t\t\t\t\t\t\t<a class=\"pcp-readmore-link\" target=\"_self\" href=\"https:\/\/ctm.ube.fr\/index.php\/2025\/09\/30\/dr-isabelle-dugail-from-the-nutriomics-lab-umrs-1269-paris-france-mitochondrial-transfer-as-a-novel-player-in-metabolic-diseases\/\" >\n\t\t\t\t\t\tEn savoir plus <\/a>\n\t\t<\/div>\n\t\t\t\t\t<\/div>\n\t\t\t\t\t\t\t\t<\/div>\n\t\t\t\t<\/div>\n\t\t\t<\/div>\n\t\t<\/div>\n\t\t\t\t<div class=\" sp-pcp-col-xs-1 sp-pcp-col-sm-3 sp-pcp-col-md-3 sp-pcp-col-lg-4 sp-pcp-col-xl-4\">\n\t\t\t<div class=\"sp-pcp-post default pcp-item-6679\" data-id=\"6679\">\n\t\t\t\t\t\t\t\t<div class=\"pcp-post-thumb-wrapper\">\n\t\t\t\t\t<div class=\"sp-pcp-post-thumb-area\">\n\t\t\t\t\t\t\t\t\t\t\t\t<a class=\"sp-pcp-thumb\" href=\"https:\/\/ctm.ube.fr\/index.php\/2025\/09\/25\/classement-stanford-2025-des-chercheurs-du-ctm-stanford-2025-ranking\/\" target=\"_self\" >\n\t\t\t\t\t\t\t\t\t\t\t\t\t<img loading=\"lazy\" decoding=\"async\" src=\"https:\/\/ctm.ube.fr\/wp-content\/uploads\/2025\/09\/Logo-Stanford-Annonce-CTM-2025-scaled-e1758816593344.jpg\" width=\"254\" height=\"192\" alt=\"\">\n\t\t\t\t\t\t<\/a>\n\t\t\t\t\t<\/div>\n\t\t\t\t<\/div>\n\t\t\t\t\t\t\t\t<div class=\"sp-pcp-post-details\">\n\t\t\t\t\t<div class=\"sp-pcp-post-details-content\">\n\t\t\t\t\t\t\t\t<h2 class=\"sp-pcp-title\">\n\t\t\t\t\t\t\t\t\t<a href=\"https:\/\/ctm.ube.fr\/index.php\/2025\/09\/25\/classement-stanford-2025-des-chercheurs-du-ctm-stanford-2025-ranking\/\"  target=\"_self\">Classement Stanford 2025 des chercheurs du CTM \/ Stanford 2025 ranking<\/a>\t\t\t\t\t\t\t<\/h2>\n\t\t\t\t\t\t<div class=\"sp-pcp-post-meta\">\n\t\t\t<ul><li>\t\t\t\t\t<i class=\"fa fa-user\"><\/i>\n\t\t\t\t\t<a href=\"https:\/\/ctm.ube.fr\/index.php\/author\/omicheau\/\"\n\t\t\t\t\t\trel=\"author\">Olivier Micheau<\/a>\n\t\t\t\t\t<\/li> <li>\t\t\t\t\t<i class=\"fa fa-calendar\"><\/i>\n\t\t\t\t\t<time class=\"entry-date published updated\">25\/09\/2025<\/time>\n\t\t\t\t\t<\/li><\/ul>\t\t<\/div>\n\t\t\t\t\t<div class=\"sp-pcp-post-content\">\n\t\t\t<p>F\u00e9licitation aux 18 chercheurs du Centre de recherche INSERM U1231 class\u00e9s*#@ dans l\u2019\u00e9tude de Stanford 2024 des scientifiques les plus influents au monde.<\/p>\n\t\t<div class=\"sp-pcp-readmore\">\n\t\t\t\t\t\t\t<a class=\"pcp-readmore-link\" target=\"_self\" href=\"https:\/\/ctm.ube.fr\/index.php\/2025\/09\/25\/classement-stanford-2025-des-chercheurs-du-ctm-stanford-2025-ranking\/\" >\n\t\t\t\t\t\tEn savoir plus <\/a>\n\t\t<\/div>\n\t\t\t\t\t<\/div>\n\t\t\t\t\t\t\t\t<\/div>\n\t\t\t\t<\/div>\n\t\t\t<\/div>\n\t\t<\/div>\n\t\t\t\t<div class=\" sp-pcp-col-xs-1 sp-pcp-col-sm-3 sp-pcp-col-md-3 sp-pcp-col-lg-4 sp-pcp-col-xl-4\">\n\t\t\t<div class=\"sp-pcp-post default pcp-item-6521\" data-id=\"6521\">\n\t\t\t\t\t\t\t\t<div class=\"pcp-post-thumb-wrapper\">\n\t\t\t\t\t<div class=\"sp-pcp-post-thumb-area\">\n\t\t\t\t\t\t\t\t\t\t\t\t<a class=\"sp-pcp-thumb\" href=\"https:\/\/ctm.ube.fr\/index.php\/2025\/09\/08\/9th-international-workshop-nitric-oxide-and-cancer\/\" target=\"_self\" >\n\t\t\t\t\t\t\t\t\t\t\t\t\t<img loading=\"lazy\" decoding=\"async\" src=\"https:\/\/ctm.ube.fr\/wp-content\/plugins\/post-carousel\/public\/assets\/img\/placeholder.png\" width=\"600\" height=\"450\" alt=\"\">\n\t\t\t\t\t\t<\/a>\n\t\t\t\t\t<\/div>\n\t\t\t\t<\/div>\n\t\t\t\t\t\t\t\t<div class=\"sp-pcp-post-details\">\n\t\t\t\t\t<div class=\"sp-pcp-post-details-content\">\n\t\t\t\t\t\t\t\t<h2 class=\"sp-pcp-title\">\n\t\t\t\t\t\t\t\t\t<a href=\"https:\/\/ctm.ube.fr\/index.php\/2025\/09\/08\/9th-international-workshop-nitric-oxide-and-cancer\/\"  target=\"_self\">9th-international-workshop-nitric-oxide-and cancer<\/a>\t\t\t\t\t\t\t<\/h2>\n\t\t\t\t\t\t<div class=\"sp-pcp-post-meta\">\n\t\t\t<ul><li>\t\t\t\t\t<i class=\"fa fa-user\"><\/i>\n\t\t\t\t\t<a href=\"https:\/\/ctm.ube.fr\/index.php\/author\/omicheau\/\"\n\t\t\t\t\t\trel=\"author\">Olivier Micheau<\/a>\n\t\t\t\t\t<\/li> <li>\t\t\t\t\t<i class=\"fa fa-calendar\"><\/i>\n\t\t\t\t\t<time class=\"entry-date published updated\">08\/09\/2025<\/time>\n\t\t\t\t\t<\/li><\/ul>\t\t<\/div>\n\t\t\t\t\t<div class=\"sp-pcp-post-content\">\n\t\t\t<p>Programme du workshop<\/p>\n\t\t<div class=\"sp-pcp-readmore\">\n\t\t\t\t\t\t\t<a class=\"pcp-readmore-link\" target=\"_self\" href=\"https:\/\/ctm.ube.fr\/index.php\/2025\/09\/08\/9th-international-workshop-nitric-oxide-and-cancer\/\" >\n\t\t\t\t\t\tEn savoir plus <\/a>\n\t\t<\/div>\n\t\t\t\t\t<\/div>\n\t\t\t\t\t\t\t\t<\/div>\n\t\t\t\t<\/div>\n\t\t\t<\/div>\n\t\t<\/div>\n\t\t\t\t<div class=\" sp-pcp-col-xs-1 sp-pcp-col-sm-3 sp-pcp-col-md-3 sp-pcp-col-lg-4 sp-pcp-col-xl-4\">\n\t\t\t<div class=\"sp-pcp-post default pcp-item-6414\" data-id=\"6414\">\n\t\t\t\t\t\t\t\t<div class=\"pcp-post-thumb-wrapper\">\n\t\t\t\t\t<div class=\"sp-pcp-post-thumb-area\">\n\t\t\t\t\t\t\t\t\t\t\t\t<a class=\"sp-pcp-thumb\" href=\"https:\/\/ctm.ube.fr\/index.php\/2025\/06\/15\/des-esprits-sains-dans-des-corps-sains-contre-le-cancer-du-sein\/\" target=\"_self\" >\n\t\t\t\t\t\t\t\t\t\t\t\t\t<img loading=\"lazy\" decoding=\"async\" src=\"https:\/\/ctm.ube.fr\/wp-content\/uploads\/2025\/06\/eos100d-1284-scaled.jpg\" width=\"2560\" height=\"1707\" alt=\"\">\n\t\t\t\t\t\t<\/a>\n\t\t\t\t\t<\/div>\n\t\t\t\t<\/div>\n\t\t\t\t\t\t\t\t<div class=\"sp-pcp-post-details\">\n\t\t\t\t\t<div class=\"sp-pcp-post-details-content\">\n\t\t\t\t\t\t\t\t<h2 class=\"sp-pcp-title\">\n\t\t\t\t\t\t\t\t\t<a href=\"https:\/\/ctm.ube.fr\/index.php\/2025\/06\/15\/des-esprits-sains-dans-des-corps-sains-contre-le-cancer-du-sein\/\"  target=\"_self\">Des esprits sains dans des corps sains contre le cancer du sein !!<\/a>\t\t\t\t\t\t\t<\/h2>\n\t\t\t\t\t\t<div class=\"sp-pcp-post-meta\">\n\t\t\t<ul><li>\t\t\t\t\t<i class=\"fa fa-user\"><\/i>\n\t\t\t\t\t<a href=\"https:\/\/ctm.ube.fr\/index.php\/author\/fr3763he\/\"\n\t\t\t\t\t\trel=\"author\">Francois Hermetet<\/a>\n\t\t\t\t\t<\/li> <li>\t\t\t\t\t<i class=\"fa fa-calendar\"><\/i>\n\t\t\t\t\t<time class=\"entry-date published updated\">15\/06\/2025<\/time>\n\t\t\t\t\t<\/li><\/ul>\t\t<\/div>\n\t\t\t\t\t<div class=\"sp-pcp-post-content\">\n\t\t\t<p>\ud83c\udf97\ufe0f Ce dimanche, les membres du Center for Molecular and Translational Medicine \u2013 Inserm UMR1231 ont enfil\u00e9 leurs baskets pour une cause qui nous tient \u00e0 c\u0153ur : la lutte contre le cancer du sein. \ud83d\udc97 Ensemble, nous avons particip\u00e9 \u00e0 la course Odyssea Dijon, un moment de solidarit\u00e9, d\u2019\u00e9nergie et d\u2019engagement, au-del\u00e0 de notre ... <a title=\"Des esprits sains dans des corps sains contre le cancer du sein !!\" class=\"read-more\" href=\"https:\/\/ctm.ube.fr\/index.php\/2025\/06\/15\/des-esprits-sains-dans-des-corps-sains-contre-le-cancer-du-sein\/\" aria-label=\"En savoir plus sur Des esprits sains dans des corps sains contre le cancer du sein !!\">Lire la suite<\/a><\/p>\n\t\t<div class=\"sp-pcp-readmore\">\n\t\t\t\t\t\t\t<a class=\"pcp-readmore-link\" target=\"_self\" href=\"https:\/\/ctm.ube.fr\/index.php\/2025\/06\/15\/des-esprits-sains-dans-des-corps-sains-contre-le-cancer-du-sein\/\" >\n\t\t\t\t\t\tEn savoir plus <\/a>\n\t\t<\/div>\n\t\t\t\t\t<\/div>\n\t\t\t\t\t\t\t\t<\/div>\n\t\t\t\t<\/div>\n\t\t\t<\/div>\n\t\t<\/div>\n\t\t\t\t<div class=\" sp-pcp-col-xs-1 sp-pcp-col-sm-3 sp-pcp-col-md-3 sp-pcp-col-lg-4 sp-pcp-col-xl-4\">\n\t\t\t<div class=\"sp-pcp-post default pcp-item-6290\" data-id=\"6290\">\n\t\t\t\t\t\t\t\t<div class=\"pcp-post-thumb-wrapper\">\n\t\t\t\t\t<div class=\"sp-pcp-post-thumb-area\">\n\t\t\t\t\t\t\t\t\t\t\t\t<a class=\"sp-pcp-thumb\" href=\"https:\/\/ctm.ube.fr\/index.php\/2025\/04\/16\/pr-philippe-froguel-monday-may-the-5th-2025\/\" target=\"_self\" >\n\t\t\t\t\t\t\t\t\t\t\t\t\t<img loading=\"lazy\" decoding=\"async\" src=\"https:\/\/ctm.ube.fr\/wp-content\/uploads\/2024\/07\/CTM-LOGO-SEMINARS.png\" width=\"2667\" height=\"1917\" alt=\"\">\n\t\t\t\t\t\t<\/a>\n\t\t\t\t\t<\/div>\n\t\t\t\t<\/div>\n\t\t\t\t\t\t\t\t<div class=\"sp-pcp-post-details\">\n\t\t\t\t\t<div class=\"sp-pcp-post-details-content\">\n\t\t\t\t\t\t\t\t<h2 class=\"sp-pcp-title\">\n\t\t\t\t\t\t\t\t\t<a href=\"https:\/\/ctm.ube.fr\/index.php\/2025\/04\/16\/pr-philippe-froguel-monday-may-the-5th-2025\/\"  target=\"_self\">Pr Philippe Froguel Monday May the 5th 2025<\/a>\t\t\t\t\t\t\t<\/h2>\n\t\t\t\t\t\t<div class=\"sp-pcp-post-meta\">\n\t\t\t<ul><li>\t\t\t\t\t<i class=\"fa fa-user\"><\/i>\n\t\t\t\t\t<a href=\"https:\/\/ctm.ube.fr\/index.php\/author\/omicheau\/\"\n\t\t\t\t\t\trel=\"author\">Olivier Micheau<\/a>\n\t\t\t\t\t<\/li> <li>\t\t\t\t\t<i class=\"fa fa-calendar\"><\/i>\n\t\t\t\t\t<time class=\"entry-date published updated\">16\/04\/2025<\/time>\n\t\t\t\t\t<\/li><\/ul>\t\t<\/div>\n\t\t\t\t\t<div class=\"sp-pcp-post-content\">\n\t\t\t<p>Precision Metabolic Medicine: new insight and hopes Type 2 diabetes and obesity are multifactorial systemic conditions associated with serious co- morbidities. They both have a strong genetic and epigenetic basis that have been in part elucidated by both Genome Wide Association Studies (for the polygenic background) and by genome sequencing (for rare variants causing monogenic ... <a title=\"Pr Philippe Froguel Monday May the 5th 2025\" class=\"read-more\" href=\"https:\/\/ctm.ube.fr\/index.php\/2025\/04\/16\/pr-philippe-froguel-monday-may-the-5th-2025\/\" aria-label=\"En savoir plus sur Pr Philippe Froguel Monday May the 5th 2025\">Lire la suite<\/a><\/p>\n\t\t<div class=\"sp-pcp-readmore\">\n\t\t\t\t\t\t\t<a class=\"pcp-readmore-link\" target=\"_self\" href=\"https:\/\/ctm.ube.fr\/index.php\/2025\/04\/16\/pr-philippe-froguel-monday-may-the-5th-2025\/\" >\n\t\t\t\t\t\tEn savoir plus <\/a>\n\t\t<\/div>\n\t\t\t\t\t<\/div>\n\t\t\t\t\t\t\t\t<\/div>\n\t\t\t\t<\/div>\n\t\t\t<\/div>\n\t\t<\/div>\n\t\t\t\t<div class=\" sp-pcp-col-xs-1 sp-pcp-col-sm-3 sp-pcp-col-md-3 sp-pcp-col-lg-4 sp-pcp-col-xl-4\">\n\t\t\t<div class=\"sp-pcp-post default pcp-item-6249\" data-id=\"6249\">\n\t\t\t\t\t\t\t\t<div class=\"pcp-post-thumb-wrapper\">\n\t\t\t\t\t<div class=\"sp-pcp-post-thumb-area\">\n\t\t\t\t\t\t\t\t\t\t\t\t<a class=\"sp-pcp-thumb\" href=\"https:\/\/ctm.ube.fr\/index.php\/2025\/03\/20\/dr-binnaz-yalcin-remporte-le-prix-de-recherche-alba-roche-2025-pour-lexcellence-en-neurosciences\/\" target=\"_self\" >\n\t\t\t\t\t\t\t\t\t\t\t\t\t<img loading=\"lazy\" decoding=\"async\" src=\"https:\/\/ctm.ube.fr\/wp-content\/uploads\/2025\/03\/2025-ALBA-Roche-Prizewinner-Binnaz-Yalcin.jpg\" width=\"874\" height=\"582\" alt=\"\">\n\t\t\t\t\t\t<\/a>\n\t\t\t\t\t<\/div>\n\t\t\t\t<\/div>\n\t\t\t\t\t\t\t\t<div class=\"sp-pcp-post-details\">\n\t\t\t\t\t<div class=\"sp-pcp-post-details-content\">\n\t\t\t\t\t\t\t\t<h2 class=\"sp-pcp-title\">\n\t\t\t\t\t\t\t\t\t<a href=\"https:\/\/ctm.ube.fr\/index.php\/2025\/03\/20\/dr-binnaz-yalcin-remporte-le-prix-de-recherche-alba-roche-2025-pour-lexcellence-en-neurosciences\/\"  target=\"_self\">Dr Binnaz Yalcin Remporte le Prix de Recherche ALBA-Roche 2025 pour l&rsquo;Excellence en Neurosciences<\/a>\t\t\t\t\t\t\t<\/h2>\n\t\t\t\t\t\t<div class=\"sp-pcp-post-meta\">\n\t\t\t<ul><li>\t\t\t\t\t<i class=\"fa fa-user\"><\/i>\n\t\t\t\t\t<a href=\"https:\/\/ctm.ube.fr\/index.php\/author\/omicheau\/\"\n\t\t\t\t\t\trel=\"author\">Olivier Micheau<\/a>\n\t\t\t\t\t<\/li> <li>\t\t\t\t\t<i class=\"fa fa-calendar\"><\/i>\n\t\t\t\t\t<time class=\"entry-date published updated\">20\/03\/2025<\/time>\n\t\t\t\t\t<\/li><\/ul>\t\t<\/div>\n\t\t\t\t\t<div class=\"sp-pcp-post-content\">\n\t\t\t<p>Pour en savoir plus cliquez ici.<\/p>\n\t\t<div class=\"sp-pcp-readmore\">\n\t\t\t\t\t\t\t<a class=\"pcp-readmore-link\" target=\"_self\" href=\"https:\/\/ctm.ube.fr\/index.php\/2025\/03\/20\/dr-binnaz-yalcin-remporte-le-prix-de-recherche-alba-roche-2025-pour-lexcellence-en-neurosciences\/\" >\n\t\t\t\t\t\tEn savoir plus <\/a>\n\t\t<\/div>\n\t\t\t\t\t<\/div>\n\t\t\t\t\t\t\t\t<\/div>\n\t\t\t\t<\/div>\n\t\t\t<\/div>\n\t\t<\/div>\n\t\t\t\t<div class=\" sp-pcp-col-xs-1 sp-pcp-col-sm-3 sp-pcp-col-md-3 sp-pcp-col-lg-4 sp-pcp-col-xl-4\">\n\t\t\t<div class=\"sp-pcp-post default pcp-item-6115\" data-id=\"6115\">\n\t\t\t\t\t\t\t\t<div class=\"pcp-post-thumb-wrapper\">\n\t\t\t\t\t<div class=\"sp-pcp-post-thumb-area\">\n\t\t\t\t\t\t\t\t\t\t\t\t<a class=\"sp-pcp-thumb\" href=\"https:\/\/ctm.ube.fr\/index.php\/2024\/12\/13\/nos-doctorants-ont-participe-a-la-ceremonie-de-diplome-de-doctorat-a-la-vapeur-jeudi-12-decembre-2024-bravo-a-tous\/\" target=\"_self\" >\n\t\t\t\t\t\t\t\t\t\t\t\t\t<img loading=\"lazy\" decoding=\"async\" src=\"https:\/\/ctm.ube.fr\/wp-content\/uploads\/2024\/12\/2b824185-7f7b-46a8-a1c8-50a7c93450f9.webp\" width=\"1152\" height=\"866\" alt=\"\">\n\t\t\t\t\t\t<\/a>\n\t\t\t\t\t<\/div>\n\t\t\t\t<\/div>\n\t\t\t\t\t\t\t\t<div class=\"sp-pcp-post-details\">\n\t\t\t\t\t<div class=\"sp-pcp-post-details-content\">\n\t\t\t\t\t\t\t\t<h2 class=\"sp-pcp-title\">\n\t\t\t\t\t\t\t\t\t<a href=\"https:\/\/ctm.ube.fr\/index.php\/2024\/12\/13\/nos-doctorants-ont-participe-a-la-ceremonie-de-diplome-de-doctorat-a-la-vapeur-jeudi-12-decembre-2024-bravo-a-tous\/\"  target=\"_self\">Nos doctorants ont particip\u00e9 \u00e0 la C\u00e9r\u00e9monie de dipl\u00f4me de doctorat, \u00e0 la Vapeur Jeudi 12 D\u00e9cembre 2024 &#8211; Bravo \u00e0 tous<\/a>\t\t\t\t\t\t\t<\/h2>\n\t\t\t\t\t\t<div class=\"sp-pcp-post-meta\">\n\t\t\t<ul><li>\t\t\t\t\t<i class=\"fa fa-user\"><\/i>\n\t\t\t\t\t<a href=\"https:\/\/ctm.ube.fr\/index.php\/author\/omicheau\/\"\n\t\t\t\t\t\trel=\"author\">Olivier Micheau<\/a>\n\t\t\t\t\t<\/li> <li>\t\t\t\t\t<i class=\"fa fa-calendar\"><\/i>\n\t\t\t\t\t<time class=\"entry-date published updated\">13\/12\/2024<\/time>\n\t\t\t\t\t<\/li><\/ul>\t\t<\/div>\n\t\t\t\t\t<div class=\"sp-pcp-post-content\">\n\t\t\t\t\t<div class=\"sp-pcp-readmore\">\n\t\t\t\t\t\t\t<a class=\"pcp-readmore-link\" target=\"_self\" href=\"https:\/\/ctm.ube.fr\/index.php\/2024\/12\/13\/nos-doctorants-ont-participe-a-la-ceremonie-de-diplome-de-doctorat-a-la-vapeur-jeudi-12-decembre-2024-bravo-a-tous\/\" >\n\t\t\t\t\t\tEn savoir plus <\/a>\n\t\t<\/div>\n\t\t\t\t\t<\/div>\n\t\t\t\t\t\t\t\t<\/div>\n\t\t\t\t<\/div>\n\t\t\t<\/div>\n\t\t<\/div>\n\t\t\t\t<div class=\" sp-pcp-col-xs-1 sp-pcp-col-sm-3 sp-pcp-col-md-3 sp-pcp-col-lg-4 sp-pcp-col-xl-4\">\n\t\t\t<div class=\"sp-pcp-post default pcp-item-6108\" data-id=\"6108\">\n\t\t\t\t\t\t\t\t<div class=\"pcp-post-thumb-wrapper\">\n\t\t\t\t\t<div class=\"sp-pcp-post-thumb-area\">\n\t\t\t\t\t\t\t\t\t\t\t\t<a class=\"sp-pcp-thumb\" href=\"https:\/\/ctm.ube.fr\/index.php\/2024\/12\/12\/11emes-journees-dimmunotherapies-a-dijon\/\" target=\"_self\" >\n\t\t\t\t\t\t\t\t\t\t\t\t\t<img loading=\"lazy\" decoding=\"async\" src=\"https:\/\/ctm.ube.fr\/wp-content\/uploads\/2024\/07\/CTM-LOGO-Meeting-EPHE.png\" width=\"2461\" height=\"1821\" alt=\"\">\n\t\t\t\t\t\t<\/a>\n\t\t\t\t\t<\/div>\n\t\t\t\t<\/div>\n\t\t\t\t\t\t\t\t<div class=\"sp-pcp-post-details\">\n\t\t\t\t\t<div class=\"sp-pcp-post-details-content\">\n\t\t\t\t\t\t\t\t<h2 class=\"sp-pcp-title\">\n\t\t\t\t\t\t\t\t\t<a href=\"https:\/\/ctm.ube.fr\/index.php\/2024\/12\/12\/11emes-journees-dimmunotherapies-a-dijon\/\"  target=\"_self\">11\u00e8mes Journ\u00e9es d&rsquo;Immunologie et Immunoth\u00e9rapie \u00e0 Dijon<\/a>\t\t\t\t\t\t\t<\/h2>\n\t\t\t\t\t\t<div class=\"sp-pcp-post-meta\">\n\t\t\t<ul><li>\t\t\t\t\t<i class=\"fa fa-user\"><\/i>\n\t\t\t\t\t<a href=\"https:\/\/ctm.ube.fr\/index.php\/author\/omicheau\/\"\n\t\t\t\t\t\trel=\"author\">Olivier Micheau<\/a>\n\t\t\t\t\t<\/li> <li>\t\t\t\t\t<i class=\"fa fa-calendar\"><\/i>\n\t\t\t\t\t<time class=\"entry-date published updated\">12\/12\/2024<\/time>\n\t\t\t\t\t<\/li><\/ul>\t\t<\/div>\n\t\t\t\t\t<div class=\"sp-pcp-post-content\">\n\t\t\t<p>Les 11\u00e8me Journ\u00e9es d&rsquo;immunologie et d&rsquo;immunoth\u00e9rapie des cancers se sont d\u00e9roul\u00e9es du 10 au 12 D\u00e9cembre 2024 \u00e0 Dijon.<\/p>\n\t\t<div class=\"sp-pcp-readmore\">\n\t\t\t\t\t\t\t<a class=\"pcp-readmore-link\" target=\"_self\" href=\"https:\/\/ctm.ube.fr\/index.php\/2024\/12\/12\/11emes-journees-dimmunotherapies-a-dijon\/\" >\n\t\t\t\t\t\tEn savoir plus <\/a>\n\t\t<\/div>\n\t\t\t\t\t<\/div>\n\t\t\t\t\t\t\t\t<\/div>\n\t\t\t\t<\/div>\n\t\t\t<\/div>\n\t\t<\/div>\n\t\t\t\t<div class=\" sp-pcp-col-xs-1 sp-pcp-col-sm-3 sp-pcp-col-md-3 sp-pcp-col-lg-4 sp-pcp-col-xl-4\">\n\t\t\t<div class=\"sp-pcp-post default pcp-item-6070\" data-id=\"6070\">\n\t\t\t\t\t\t\t\t<div class=\"pcp-post-thumb-wrapper\">\n\t\t\t\t\t<div class=\"sp-pcp-post-thumb-area\">\n\t\t\t\t\t\t\t\t\t\t\t\t<a class=\"sp-pcp-thumb\" href=\"https:\/\/ctm.ube.fr\/index.php\/2024\/10\/15\/30th-club-hematopoiese-et-ongogenese-c-h-o-congress-13-16-october-2024\/\" target=\"_self\" >\n\t\t\t\t\t\t\t\t\t\t\t\t\t<img loading=\"lazy\" decoding=\"async\" src=\"https:\/\/ctm.ube.fr\/wp-content\/uploads\/2024\/10\/Test-CTM-1.jpg\" width=\"1484\" height=\"1483\" alt=\"\">\n\t\t\t\t\t\t<\/a>\n\t\t\t\t\t<\/div>\n\t\t\t\t<\/div>\n\t\t\t\t\t\t\t\t<div class=\"sp-pcp-post-details\">\n\t\t\t\t\t<div class=\"sp-pcp-post-details-content\">\n\t\t\t\t\t\t\t\t<h2 class=\"sp-pcp-title\">\n\t\t\t\t\t\t\t\t\t<a href=\"https:\/\/ctm.ube.fr\/index.php\/2024\/10\/15\/30th-club-hematopoiese-et-ongogenese-c-h-o-congress-13-16-october-2024\/\"  target=\"_self\">30th CLUB HEMATOPOIESE ET ONCOGENESE (C.H.O.) Congress 13-16 October 2024<\/a>\t\t\t\t\t\t\t<\/h2>\n\t\t\t\t\t\t<div class=\"sp-pcp-post-meta\">\n\t\t\t<ul><li>\t\t\t\t\t<i class=\"fa fa-user\"><\/i>\n\t\t\t\t\t<a href=\"https:\/\/ctm.ube.fr\/index.php\/author\/fr3763he\/\"\n\t\t\t\t\t\trel=\"author\">Francois Hermetet<\/a>\n\t\t\t\t\t<\/li> <li>\t\t\t\t\t<i class=\"fa fa-calendar\"><\/i>\n\t\t\t\t\t<time class=\"entry-date published updated\">15\/10\/2024<\/time>\n\t\t\t\t\t<\/li><\/ul>\t\t<\/div>\n\t\t\t\t\t<div class=\"sp-pcp-post-content\">\n\t\t\t<p>Members of the CTM DIJON INSERM teams EPI2THM, TIRECS and HSP-Pathies are attending the 30th CLUB HEMATOPOIESE ET ONCOGENESE (C.H.O.) Meeting in Giens! Great science and amazing Quickfire Poster presentations by PhD students Yana Peshkova, L\u00e9a Pierre, Emma Groetz, Baptiste Pernon and Denis Masnikov!<\/p>\n\t\t<div class=\"sp-pcp-readmore\">\n\t\t\t\t\t\t\t<a class=\"pcp-readmore-link\" target=\"_self\" href=\"https:\/\/ctm.ube.fr\/index.php\/2024\/10\/15\/30th-club-hematopoiese-et-ongogenese-c-h-o-congress-13-16-october-2024\/\" >\n\t\t\t\t\t\tEn savoir plus <\/a>\n\t\t<\/div>\n\t\t\t\t\t<\/div>\n\t\t\t\t\t\t\t\t<\/div>\n\t\t\t\t<\/div>\n\t\t\t<\/div>\n\t\t<\/div>\n\t\t\t\t<div class=\" sp-pcp-col-xs-1 sp-pcp-col-sm-3 sp-pcp-col-md-3 sp-pcp-col-lg-4 sp-pcp-col-xl-4\">\n\t\t\t<div class=\"sp-pcp-post default pcp-item-6004\" data-id=\"6004\">\n\t\t\t\t\t\t\t\t<div class=\"pcp-post-thumb-wrapper\">\n\t\t\t\t\t<div class=\"sp-pcp-post-thumb-area\">\n\t\t\t\t\t\t\t\t\t\t\t\t<a class=\"sp-pcp-thumb\" href=\"https:\/\/ctm.ube.fr\/index.php\/2024\/10\/08\/stanford-ranking-2024\/\" target=\"_self\" >\n\t\t\t\t\t\t\t\t\t\t\t\t\t<img loading=\"lazy\" decoding=\"async\" src=\"https:\/\/ctm.ube.fr\/wp-content\/uploads\/2024\/10\/Logo-Stanford-Annonce-CTM-2024.jpg\" width=\"609\" height=\"461\" alt=\"logo annonce stanford 2024\">\n\t\t\t\t\t\t<\/a>\n\t\t\t\t\t<\/div>\n\t\t\t\t<\/div>\n\t\t\t\t\t\t\t\t<div class=\"sp-pcp-post-details\">\n\t\t\t\t\t<div class=\"sp-pcp-post-details-content\">\n\t\t\t\t\t\t\t\t<h2 class=\"sp-pcp-title\">\n\t\t\t\t\t\t\t\t\t<a href=\"https:\/\/ctm.ube.fr\/index.php\/2024\/10\/08\/stanford-ranking-2024\/\"  target=\"_self\">Classement Stanford 2024 des chercheurs du CTM \/ Stanford 2024 ranking<\/a>\t\t\t\t\t\t\t<\/h2>\n\t\t\t\t\t\t<div class=\"sp-pcp-post-meta\">\n\t\t\t<ul><li>\t\t\t\t\t<i class=\"fa fa-user\"><\/i>\n\t\t\t\t\t<a href=\"https:\/\/ctm.ube.fr\/index.php\/author\/omicheau\/\"\n\t\t\t\t\t\trel=\"author\">Olivier Micheau<\/a>\n\t\t\t\t\t<\/li> <li>\t\t\t\t\t<i class=\"fa fa-calendar\"><\/i>\n\t\t\t\t\t<time class=\"entry-date published updated\">08\/10\/2024<\/time>\n\t\t\t\t\t<\/li><\/ul>\t\t<\/div>\n\t\t\t\t\t<div class=\"sp-pcp-post-content\">\n\t\t\t<p>F\u00e9licitation aux 18 chercheurs du Centre de recherche INSERM U1231 class\u00e9s*#@ dans l\u2019\u00e9tude de Stanford 2024 des scientifiques les plus influents au monde.<\/p>\n\t\t<div class=\"sp-pcp-readmore\">\n\t\t\t\t\t\t\t<a class=\"pcp-readmore-link\" target=\"_self\" href=\"https:\/\/ctm.ube.fr\/index.php\/2024\/10\/08\/stanford-ranking-2024\/\" >\n\t\t\t\t\t\tEn savoir plus <\/a>\n\t\t<\/div>\n\t\t\t\t\t<\/div>\n\t\t\t\t\t\t\t\t<\/div>\n\t\t\t\t<\/div>\n\t\t\t<\/div>\n\t\t<\/div>\n\t\t\t\t<div class=\" sp-pcp-col-xs-1 sp-pcp-col-sm-3 sp-pcp-col-md-3 sp-pcp-col-lg-4 sp-pcp-col-xl-4\">\n\t\t\t<div class=\"sp-pcp-post default pcp-item-5870\" data-id=\"5870\">\n\t\t\t\t\t\t\t\t<div class=\"pcp-post-thumb-wrapper\">\n\t\t\t\t\t<div class=\"sp-pcp-post-thumb-area\">\n\t\t\t\t\t\t\t\t\t\t\t\t<a class=\"sp-pcp-thumb\" href=\"https:\/\/ctm.ube.fr\/index.php\/2024\/08\/27\/urgent-poste-a-pourvoiroffre-demploi-assistante-de-saisie-gestion-des-commandesurgent-poste-a-pourvoir\/\" target=\"_self\" >\n\t\t\t\t\t\t\t\t\t\t\t\t\t<img loading=\"lazy\" decoding=\"async\" src=\"https:\/\/ctm.ube.fr\/wp-content\/uploads\/2024\/08\/58f3c522-9b4b-4b7f-ac2e-b068d960a111.webp\" width=\"1152\" height=\"866\" alt=\"\">\n\t\t\t\t\t\t<\/a>\n\t\t\t\t\t<\/div>\n\t\t\t\t<\/div>\n\t\t\t\t\t\t\t\t<div class=\"sp-pcp-post-details\">\n\t\t\t\t\t<div class=\"sp-pcp-post-details-content\">\n\t\t\t\t\t\t\t\t<h2 class=\"sp-pcp-title\">\n\t\t\t\t\t\t\t\t\t<a href=\"https:\/\/ctm.ube.fr\/index.php\/2024\/08\/27\/urgent-poste-a-pourvoiroffre-demploi-assistante-de-saisie-gestion-des-commandesurgent-poste-a-pourvoir\/\"  target=\"_self\">Offre d&#8217;emploi : Assistant(e) de Saisie \/ gestion des Commandes<\/a>\t\t\t\t\t\t\t<\/h2>\n\t\t\t\t\t\t<div class=\"sp-pcp-post-meta\">\n\t\t\t<ul><li>\t\t\t\t\t<i class=\"fa fa-user\"><\/i>\n\t\t\t\t\t<a href=\"https:\/\/ctm.ube.fr\/index.php\/author\/omicheau\/\"\n\t\t\t\t\t\trel=\"author\">Olivier Micheau<\/a>\n\t\t\t\t\t<\/li> <li>\t\t\t\t\t<i class=\"fa fa-calendar\"><\/i>\n\t\t\t\t\t<time class=\"entry-date published updated\">27\/08\/2024<\/time>\n\t\t\t\t\t<\/li><\/ul>\t\t<\/div>\n\t\t\t\t\t<div class=\"sp-pcp-post-content\">\n\t\t\t<p>Offre d&#8217;emploi : Assistant(e) de Saisie \/ gestion des Commandes Nous recherchons un(e) Assistant(e) de Saisie Gestion de Commande \u00a0enthousiaste pour rejoindre notre \u00e9quipe dynamique . Si vous \u00eates \u00e0 l&rsquo;aise avec l&rsquo;utilisation de l&rsquo;informatique, que vous apprenez rapidement \u00e0 utiliser des logiciels \u00a0sp\u00e9cifiques et que vous \u00eates capable de fournir un appui solide sur ... <a title=\"Offre d&#8217;emploi : Assistant(e) de Saisie \/ gestion des Commandes\" class=\"read-more\" href=\"https:\/\/ctm.ube.fr\/index.php\/2024\/08\/27\/urgent-poste-a-pourvoiroffre-demploi-assistante-de-saisie-gestion-des-commandesurgent-poste-a-pourvoir\/\" aria-label=\"En savoir plus sur Offre d&#8217;emploi : Assistant(e) de Saisie \/ gestion des Commandes\">Lire la suite<\/a><\/p>\n\t\t<div class=\"sp-pcp-readmore\">\n\t\t\t\t\t\t\t<a class=\"pcp-readmore-link\" target=\"_self\" href=\"https:\/\/ctm.ube.fr\/index.php\/2024\/08\/27\/urgent-poste-a-pourvoiroffre-demploi-assistante-de-saisie-gestion-des-commandesurgent-poste-a-pourvoir\/\" >\n\t\t\t\t\t\tEn savoir plus <\/a>\n\t\t<\/div>\n\t\t\t\t\t<\/div>\n\t\t\t\t\t\t\t\t<\/div>\n\t\t\t\t<\/div>\n\t\t\t<\/div>\n\t\t<\/div>\n\t\t\t\t<div class=\" sp-pcp-col-xs-1 sp-pcp-col-sm-3 sp-pcp-col-md-3 sp-pcp-col-lg-4 sp-pcp-col-xl-4\">\n\t\t\t<div class=\"sp-pcp-post default pcp-item-5800\" data-id=\"5800\">\n\t\t\t\t\t\t\t\t<div class=\"pcp-post-thumb-wrapper\">\n\t\t\t\t\t<div class=\"sp-pcp-post-thumb-area\">\n\t\t\t\t\t\t\t\t\t\t\t\t<a class=\"sp-pcp-thumb\" href=\"https:\/\/ctm.ube.fr\/index.php\/2024\/07\/05\/innovative-therapies-days-october-2024\/\" target=\"_self\" >\n\t\t\t\t\t\t\t\t\t\t\t\t\t<img loading=\"lazy\" decoding=\"async\" src=\"https:\/\/ctm.ube.fr\/wp-content\/uploads\/2024\/07\/CTM-LOGO-Meeting-ITDs2024.png\" width=\"2461\" height=\"1821\" alt=\"\">\n\t\t\t\t\t\t<\/a>\n\t\t\t\t\t<\/div>\n\t\t\t\t<\/div>\n\t\t\t\t\t\t\t\t<div class=\"sp-pcp-post-details\">\n\t\t\t\t\t<div class=\"sp-pcp-post-details-content\">\n\t\t\t\t\t\t\t\t<h2 class=\"sp-pcp-title\">\n\t\t\t\t\t\t\t\t\t<a href=\"https:\/\/ctm.ube.fr\/index.php\/2024\/07\/05\/innovative-therapies-days-october-2024\/\"  target=\"_self\">Innovative Therapies Days October 2024<\/a>\t\t\t\t\t\t\t<\/h2>\n\t\t\t\t\t\t<div class=\"sp-pcp-post-meta\">\n\t\t\t<ul><li>\t\t\t\t\t<i class=\"fa fa-user\"><\/i>\n\t\t\t\t\t<a href=\"https:\/\/ctm.ube.fr\/index.php\/author\/omicheau\/\"\n\t\t\t\t\t\trel=\"author\">Olivier Micheau<\/a>\n\t\t\t\t\t<\/li> <li>\t\t\t\t\t<i class=\"fa fa-calendar\"><\/i>\n\t\t\t\t\t<time class=\"entry-date published updated\">05\/07\/2024<\/time>\n\t\t\t\t\t<\/li><\/ul>\t\t<\/div>\n\t\t\t\t\t<div class=\"sp-pcp-post-content\">\n\t\t\t<p>Annonce ITD Innovative Therapies Days du 9 au 11 October 2024 \u00e0 Besan\u00e7on<\/p>\n\t\t<div class=\"sp-pcp-readmore\">\n\t\t\t\t\t\t\t<a class=\"pcp-readmore-link\" target=\"_self\" href=\"https:\/\/ctm.ube.fr\/index.php\/2024\/07\/05\/innovative-therapies-days-october-2024\/\" >\n\t\t\t\t\t\tEn savoir plus <\/a>\n\t\t<\/div>\n\t\t\t\t\t<\/div>\n\t\t\t\t\t\t\t\t<\/div>\n\t\t\t\t<\/div>\n\t\t\t<\/div>\n\t\t<\/div>\n\t\t\t\t<div class=\" sp-pcp-col-xs-1 sp-pcp-col-sm-3 sp-pcp-col-md-3 sp-pcp-col-lg-4 sp-pcp-col-xl-4\">\n\t\t\t<div class=\"sp-pcp-post default pcp-item-5328\" data-id=\"5328\">\n\t\t\t\t\t\t\t\t<div class=\"pcp-post-thumb-wrapper\">\n\t\t\t\t\t<div class=\"sp-pcp-post-thumb-area\">\n\t\t\t\t\t\t\t\t\t\t\t\t<a class=\"sp-pcp-thumb\" href=\"https:\/\/ctm.ube.fr\/index.php\/2024\/07\/05\/phd-thesis-offers\/\" target=\"_self\" >\n\t\t\t\t\t\t\t\t\t\t\t\t\t<img loading=\"lazy\" decoding=\"async\" src=\"https:\/\/ctm.ube.fr\/wp-content\/uploads\/2024\/03\/Screenshot-2024-03-26-at-13.09.38.png\" width=\"707\" height=\"476\" alt=\"\">\n\t\t\t\t\t\t<\/a>\n\t\t\t\t\t<\/div>\n\t\t\t\t<\/div>\n\t\t\t\t\t\t\t\t<div class=\"sp-pcp-post-details\">\n\t\t\t\t\t<div class=\"sp-pcp-post-details-content\">\n\t\t\t\t\t\t\t\t<h2 class=\"sp-pcp-title\">\n\t\t\t\t\t\t\t\t\t<a href=\"https:\/\/ctm.ube.fr\/index.php\/2024\/07\/05\/phd-thesis-offers\/\"  target=\"_self\">PhD Thesis offers: Results<\/a>\t\t\t\t\t\t\t<\/h2>\n\t\t\t\t\t\t<div class=\"sp-pcp-post-meta\">\n\t\t\t<ul><li>\t\t\t\t\t<i class=\"fa fa-user\"><\/i>\n\t\t\t\t\t<a href=\"https:\/\/ctm.ube.fr\/index.php\/author\/omicheau\/\"\n\t\t\t\t\t\trel=\"author\">Olivier Micheau<\/a>\n\t\t\t\t\t<\/li> <li>\t\t\t\t\t<i class=\"fa fa-calendar\"><\/i>\n\t\t\t\t\t<time class=\"entry-date published updated\">05\/07\/2024<\/time>\n\t\t\t\t\t<\/li><\/ul>\t\t<\/div>\n\t\t\t\t\t<div class=\"sp-pcp-post-content\">\n\t\t\t<p>contrat doctoral \u00e9tablissement 2024<\/p>\n\t\t<div class=\"sp-pcp-readmore\">\n\t\t\t\t\t\t\t<a class=\"pcp-readmore-link\" target=\"_self\" href=\"https:\/\/ctm.ube.fr\/index.php\/2024\/07\/05\/phd-thesis-offers\/\" >\n\t\t\t\t\t\tEn savoir plus <\/a>\n\t\t<\/div>\n\t\t\t\t\t<\/div>\n\t\t\t\t\t\t\t\t<\/div>\n\t\t\t\t<\/div>\n\t\t\t<\/div>\n\t\t<\/div>\n\t\t\t\t<div class=\" sp-pcp-col-xs-1 sp-pcp-col-sm-3 sp-pcp-col-md-3 sp-pcp-col-lg-4 sp-pcp-col-xl-4\">\n\t\t\t<div class=\"sp-pcp-post default pcp-item-5749\" data-id=\"5749\">\n\t\t\t\t\t\t\t\t<div class=\"pcp-post-thumb-wrapper\">\n\t\t\t\t\t<div class=\"sp-pcp-post-thumb-area\">\n\t\t\t\t\t\t\t\t\t\t\t\t<a class=\"sp-pcp-thumb\" href=\"https:\/\/ctm.ube.fr\/index.php\/2024\/06\/25\/information-grand-public\/\" target=\"_self\" >\n\t\t\t\t\t\t\t\t\t\t\t\t\t<img loading=\"lazy\" decoding=\"async\" src=\"https:\/\/ctm.ube.fr\/wp-content\/uploads\/2024\/02\/CTM-LOGO-350_70.jpg\" width=\"350\" height=\"70\" alt=\"\">\n\t\t\t\t\t\t<\/a>\n\t\t\t\t\t<\/div>\n\t\t\t\t<\/div>\n\t\t\t\t\t\t\t\t<div class=\"sp-pcp-post-details\">\n\t\t\t\t\t<div class=\"sp-pcp-post-details-content\">\n\t\t\t\t\t\t\t\t<h2 class=\"sp-pcp-title\">\n\t\t\t\t\t\t\t\t\t<a href=\"https:\/\/ctm.ube.fr\/index.php\/2024\/06\/25\/information-grand-public\/\"  target=\"_self\">Information grand public<\/a>\t\t\t\t\t\t\t<\/h2>\n\t\t\t\t\t\t<div class=\"sp-pcp-post-meta\">\n\t\t\t<ul><li>\t\t\t\t\t<i class=\"fa fa-user\"><\/i>\n\t\t\t\t\t<a href=\"https:\/\/ctm.ube.fr\/index.php\/author\/to4829jo\/\"\n\t\t\t\t\t\trel=\"author\">Tony Jourdan<\/a>\n\t\t\t\t\t<\/li> <li>\t\t\t\t\t<i class=\"fa fa-calendar\"><\/i>\n\t\t\t\t\t<time class=\"entry-date published updated\">25\/06\/2024<\/time>\n\t\t\t\t\t<\/li><\/ul>\t\t<\/div>\n\t\t\t\t\t<div class=\"sp-pcp-post-content\">\n\t\t\t<p>L&rsquo;UMR 1231 est une unit\u00e9 mixte de recherche autoris\u00e9e par l&rsquo;ASN \u00e0 d\u00e9tenir et manipuler des sources radioactives non scell\u00e9es (3H et 14C). Dans le cadre de notre activit\u00e9 de recherche et conform\u00e9ment \u00e0 l&rsquo;article R1333-16 du code de la Sant\u00e9 Publique, nous tenons annuellement \u00e0 jour un inventaire actualis\u00e9 des d\u00e9chets radioactifs (liquides et ... <a title=\"Information grand public\" class=\"read-more\" href=\"https:\/\/ctm.ube.fr\/index.php\/2024\/06\/25\/information-grand-public\/\" aria-label=\"En savoir plus sur Information grand public\">Lire la suite<\/a><\/p>\n\t\t<div class=\"sp-pcp-readmore\">\n\t\t\t\t\t\t\t<a class=\"pcp-readmore-link\" target=\"_self\" href=\"https:\/\/ctm.ube.fr\/index.php\/2024\/06\/25\/information-grand-public\/\" >\n\t\t\t\t\t\tEn savoir plus <\/a>\n\t\t<\/div>\n\t\t\t\t\t<\/div>\n\t\t\t\t\t\t\t\t<\/div>\n\t\t\t\t<\/div>\n\t\t\t<\/div>\n\t\t<\/div>\n\t\t\t\t<div class=\" sp-pcp-col-xs-1 sp-pcp-col-sm-3 sp-pcp-col-md-3 sp-pcp-col-lg-4 sp-pcp-col-xl-4\">\n\t\t\t<div class=\"sp-pcp-post default pcp-item-5681\" data-id=\"5681\">\n\t\t\t\t\t\t\t\t<div class=\"pcp-post-thumb-wrapper\">\n\t\t\t\t\t<div class=\"sp-pcp-post-thumb-area\">\n\t\t\t\t\t\t\t\t\t\t\t\t<a class=\"sp-pcp-thumb\" href=\"https:\/\/ctm.ube.fr\/index.php\/2024\/06\/18\/presentation-du-projet-strada-priscilla-logeront\/\" target=\"_self\" >\n\t\t\t\t\t\t\t\t\t\t\t\t\t<img loading=\"lazy\" decoding=\"async\" src=\"https:\/\/ctm.ube.fr\/wp-content\/uploads\/2024\/07\/CTM-LOGO-SEMINARS.png\" width=\"2667\" height=\"1917\" alt=\"\">\n\t\t\t\t\t\t<\/a>\n\t\t\t\t\t<\/div>\n\t\t\t\t<\/div>\n\t\t\t\t\t\t\t\t<div class=\"sp-pcp-post-details\">\n\t\t\t\t\t<div class=\"sp-pcp-post-details-content\">\n\t\t\t\t\t\t\t\t<h2 class=\"sp-pcp-title\">\n\t\t\t\t\t\t\t\t\t<a href=\"https:\/\/ctm.ube.fr\/index.php\/2024\/06\/18\/presentation-du-projet-strada-priscilla-logeront\/\"  target=\"_self\">Pr\u00e9sentation du projet STRADA : Priscilla Logeront<\/a>\t\t\t\t\t\t\t<\/h2>\n\t\t\t\t\t\t<div class=\"sp-pcp-post-meta\">\n\t\t\t<ul><li>\t\t\t\t\t<i class=\"fa fa-user\"><\/i>\n\t\t\t\t\t<a href=\"https:\/\/ctm.ube.fr\/index.php\/author\/omicheau\/\"\n\t\t\t\t\t\trel=\"author\">Olivier Micheau<\/a>\n\t\t\t\t\t<\/li> <li>\t\t\t\t\t<i class=\"fa fa-calendar\"><\/i>\n\t\t\t\t\t<time class=\"entry-date published updated\">18\/06\/2024<\/time>\n\t\t\t\t\t<\/li><\/ul>\t\t<\/div>\n\t\t\t\t\t<div class=\"sp-pcp-post-content\">\n\t\t\t<p>Meeting CTM<\/p>\n\t\t<div class=\"sp-pcp-readmore\">\n\t\t\t\t\t\t\t<a class=\"pcp-readmore-link\" target=\"_self\" href=\"https:\/\/ctm.ube.fr\/index.php\/2024\/06\/18\/presentation-du-projet-strada-priscilla-logeront\/\" >\n\t\t\t\t\t\tEn savoir plus <\/a>\n\t\t<\/div>\n\t\t\t\t\t<\/div>\n\t\t\t\t\t\t\t\t<\/div>\n\t\t\t\t<\/div>\n\t\t\t<\/div>\n\t\t<\/div>\n\t\t\t\t<div class=\" sp-pcp-col-xs-1 sp-pcp-col-sm-3 sp-pcp-col-md-3 sp-pcp-col-lg-4 sp-pcp-col-xl-4\">\n\t\t\t<div class=\"sp-pcp-post default pcp-item-5657\" data-id=\"5657\">\n\t\t\t\t\t\t\t\t<div class=\"pcp-post-thumb-wrapper\">\n\t\t\t\t\t<div class=\"sp-pcp-post-thumb-area\">\n\t\t\t\t\t\t\t\t\t\t\t\t<a class=\"sp-pcp-thumb\" href=\"https:\/\/ctm.ube.fr\/index.php\/2024\/06\/11\/11emes-journees-dimmunologie-immunotherapie-des-cancers-jiic\/\" target=\"_self\" >\n\t\t\t\t\t\t\t\t\t\t\t\t\t<img loading=\"lazy\" decoding=\"async\" src=\"https:\/\/ctm.ube.fr\/wp-content\/uploads\/2024\/06\/ephe-LOGO-Meetings.jpg\" width=\"2461\" height=\"1821\" alt=\"\">\n\t\t\t\t\t\t<\/a>\n\t\t\t\t\t<\/div>\n\t\t\t\t<\/div>\n\t\t\t\t\t\t\t\t<div class=\"sp-pcp-post-details\">\n\t\t\t\t\t<div class=\"sp-pcp-post-details-content\">\n\t\t\t\t\t\t\t\t<h2 class=\"sp-pcp-title\">\n\t\t\t\t\t\t\t\t\t<a href=\"https:\/\/ctm.ube.fr\/index.php\/2024\/06\/11\/11emes-journees-dimmunologie-immunotherapie-des-cancers-jiic\/\"  target=\"_self\">11\u00e8mes Journ\u00e9es d&rsquo;Immunologie &amp; Immunoth\u00e9rapie des Cancers (JIIC)<\/a>\t\t\t\t\t\t\t<\/h2>\n\t\t\t\t\t\t<div class=\"sp-pcp-post-meta\">\n\t\t\t<ul><li>\t\t\t\t\t<i class=\"fa fa-user\"><\/i>\n\t\t\t\t\t<a href=\"https:\/\/ctm.ube.fr\/index.php\/author\/omicheau\/\"\n\t\t\t\t\t\trel=\"author\">Olivier Micheau<\/a>\n\t\t\t\t\t<\/li> <li>\t\t\t\t\t<i class=\"fa fa-calendar\"><\/i>\n\t\t\t\t\t<time class=\"entry-date published updated\">11\/06\/2024<\/time>\n\t\t\t\t\t<\/li><\/ul>\t\t<\/div>\n\t\t\t\t\t<div class=\"sp-pcp-post-content\">\n\t\t\t<p>Suivez le programme Du 10 au 12 d\u00e9cembre 2024 \u2013 Maison des sciences de L\u2019Homme, 6 Esplanade Erasme, Dijon 11\u00e8mes\u00a0Journ\u00e9e d\u2019Immunologie et Immunoth\u00e9rapie des Cancers (JIIC) Salle de conf\u00e9rence, la Maison des Sciences de l\u2019Homme, Universit\u00e9 de Bourgogne Franche Comt\u00e9, Dijon Mardi 10 D\u00e9cembre : 10h 30 \u2013 11h\u00a0:\u00a0Accueil, caf\u00e9 11h \u2013 11h 45 :\u00a0Les ... <a title=\"11\u00e8mes Journ\u00e9es d&rsquo;Immunologie &amp; Immunoth\u00e9rapie des Cancers (JIIC)\" class=\"read-more\" href=\"https:\/\/ctm.ube.fr\/index.php\/2024\/06\/11\/11emes-journees-dimmunologie-immunotherapie-des-cancers-jiic\/\" aria-label=\"En savoir plus sur 11\u00e8mes Journ\u00e9es d&rsquo;Immunologie &amp; Immunoth\u00e9rapie des Cancers (JIIC)\">Lire la suite<\/a><\/p>\n\t\t<div class=\"sp-pcp-readmore\">\n\t\t\t\t\t\t\t<a class=\"pcp-readmore-link\" target=\"_self\" href=\"https:\/\/ctm.ube.fr\/index.php\/2024\/06\/11\/11emes-journees-dimmunologie-immunotherapie-des-cancers-jiic\/\" >\n\t\t\t\t\t\tEn savoir plus <\/a>\n\t\t<\/div>\n\t\t\t\t\t<\/div>\n\t\t\t\t\t\t\t\t<\/div>\n\t\t\t\t<\/div>\n\t\t\t<\/div>\n\t\t<\/div>\n\t\t\t\t<div class=\" sp-pcp-col-xs-1 sp-pcp-col-sm-3 sp-pcp-col-md-3 sp-pcp-col-lg-4 sp-pcp-col-xl-4\">\n\t\t\t<div class=\"sp-pcp-post default pcp-item-5557\" data-id=\"5557\">\n\t\t\t\t\t\t\t\t<div class=\"pcp-post-thumb-wrapper\">\n\t\t\t\t\t<div class=\"sp-pcp-post-thumb-area\">\n\t\t\t\t\t\t\t\t\t\t\t\t<a class=\"sp-pcp-thumb\" href=\"https:\/\/ctm.ube.fr\/index.php\/2024\/05\/06\/dr-jerome-devy-lundi-13-mai-2024\/\" target=\"_self\" >\n\t\t\t\t\t\t\t\t\t\t\t\t\t<img loading=\"lazy\" decoding=\"async\" src=\"https:\/\/ctm.ube.fr\/wp-content\/uploads\/2024\/01\/CTM-LOGO-SEMINARS-scaled.jpg\" width=\"2560\" height=\"1840\" alt=\"\">\n\t\t\t\t\t\t<\/a>\n\t\t\t\t\t<\/div>\n\t\t\t\t<\/div>\n\t\t\t\t\t\t\t\t<div class=\"sp-pcp-post-details\">\n\t\t\t\t\t<div class=\"sp-pcp-post-details-content\">\n\t\t\t\t\t\t\t\t<h2 class=\"sp-pcp-title\">\n\t\t\t\t\t\t\t\t\t<a href=\"https:\/\/ctm.ube.fr\/index.php\/2024\/05\/06\/dr-jerome-devy-lundi-13-mai-2024\/\"  target=\"_self\">Dr J\u00e9r\u00f4me Devy Lundi 13 Mai 2024<\/a>\t\t\t\t\t\t\t<\/h2>\n\t\t\t\t\t\t<div class=\"sp-pcp-post-meta\">\n\t\t\t<ul><li>\t\t\t\t\t<i class=\"fa fa-user\"><\/i>\n\t\t\t\t\t<a href=\"https:\/\/ctm.ube.fr\/index.php\/author\/omicheau\/\"\n\t\t\t\t\t\trel=\"author\">Olivier Micheau<\/a>\n\t\t\t\t\t<\/li> <li>\t\t\t\t\t<i class=\"fa fa-calendar\"><\/i>\n\t\t\t\t\t<time class=\"entry-date published updated\">06\/05\/2024<\/time>\n\t\t\t\t\t<\/li><\/ul>\t\t<\/div>\n\t\t\t\t\t<div class=\"sp-pcp-post-content\">\n\t\t\t<p>Contribution of the Low-Density Lipoprotein Receptor Family to Breast Cancer Progression (Amphi Masson) CTM U1231 SCIENTIFIC SEMINAR \u00a0 May 13, 2024 1 to 2 pm, UFR des Sciences de Sant\u00e9, Amphi Masson Chairman: Dr Olivier Micheau Invited speaker: Dr J\u00e9r\u00f4me Devy UMR CNRS\/URCA 7369 \u2013 MEDyc Reims, France \u00a0 Contribution of the Low-Density Lipoprotein Receptor ... <a title=\"Dr J\u00e9r\u00f4me Devy Lundi 13 Mai 2024\" class=\"read-more\" href=\"https:\/\/ctm.ube.fr\/index.php\/2024\/05\/06\/dr-jerome-devy-lundi-13-mai-2024\/\" aria-label=\"En savoir plus sur Dr J\u00e9r\u00f4me Devy Lundi 13 Mai 2024\">Lire la suite<\/a><\/p>\n\t\t<div class=\"sp-pcp-readmore\">\n\t\t\t\t\t\t\t<a class=\"pcp-readmore-link\" target=\"_self\" href=\"https:\/\/ctm.ube.fr\/index.php\/2024\/05\/06\/dr-jerome-devy-lundi-13-mai-2024\/\" >\n\t\t\t\t\t\tEn savoir plus <\/a>\n\t\t<\/div>\n\t\t\t\t\t<\/div>\n\t\t\t\t\t\t\t\t<\/div>\n\t\t\t\t<\/div>\n\t\t\t<\/div>\n\t\t<\/div>\n\t\t\t\t<div class=\" sp-pcp-col-xs-1 sp-pcp-col-sm-3 sp-pcp-col-md-3 sp-pcp-col-lg-4 sp-pcp-col-xl-4\">\n\t\t\t<div class=\"sp-pcp-post default pcp-item-5535\" data-id=\"5535\">\n\t\t\t\t\t\t\t\t<div class=\"pcp-post-thumb-wrapper\">\n\t\t\t\t\t<div class=\"sp-pcp-post-thumb-area\">\n\t\t\t\t\t\t\t\t\t\t\t\t<a class=\"sp-pcp-thumb\" href=\"https:\/\/ctm.ube.fr\/index.php\/2024\/05\/06\/interaction-recherche-interdisciplinaire\/\" target=\"_self\" >\n\t\t\t\t\t\t\t\t\t\t\t\t\t<img loading=\"lazy\" decoding=\"async\" src=\"https:\/\/ctm.ube.fr\/wp-content\/uploads\/2024\/05\/invitation-GS-e1715009711206.png\" width=\"996\" height=\"735\" alt=\"\">\n\t\t\t\t\t\t<\/a>\n\t\t\t\t\t<\/div>\n\t\t\t\t<\/div>\n\t\t\t\t\t\t\t\t<div class=\"sp-pcp-post-details\">\n\t\t\t\t\t<div class=\"sp-pcp-post-details-content\">\n\t\t\t\t\t\t\t\t<h2 class=\"sp-pcp-title\">\n\t\t\t\t\t\t\t\t\t<a href=\"https:\/\/ctm.ube.fr\/index.php\/2024\/05\/06\/interaction-recherche-interdisciplinaire\/\"  target=\"_self\">Interaction Recherche Interdisciplinaire Mercredi 5 Juin 2024 Arc et Senans<\/a>\t\t\t\t\t\t\t<\/h2>\n\t\t\t\t\t\t<div class=\"sp-pcp-post-meta\">\n\t\t\t<ul><li>\t\t\t\t\t<i class=\"fa fa-user\"><\/i>\n\t\t\t\t\t<a href=\"https:\/\/ctm.ube.fr\/index.php\/author\/omicheau\/\"\n\t\t\t\t\t\trel=\"author\">Olivier Micheau<\/a>\n\t\t\t\t\t<\/li> <li>\t\t\t\t\t<i class=\"fa fa-calendar\"><\/i>\n\t\t\t\t\t<time class=\"entry-date published updated\">06\/05\/2024<\/time>\n\t\t\t\t\t<\/li><\/ul>\t\t<\/div>\n\t\t\t\t\t<div class=\"sp-pcp-post-content\">\n\t\t\t<p>Interaction Recherche Interdisciplinaire Mercredi 5 Juin 2024 Arc et Senans<\/p>\n\t\t<div class=\"sp-pcp-readmore\">\n\t\t\t\t\t\t\t<a class=\"pcp-readmore-link\" target=\"_self\" href=\"https:\/\/ctm.ube.fr\/index.php\/2024\/05\/06\/interaction-recherche-interdisciplinaire\/\" >\n\t\t\t\t\t\tEn savoir plus <\/a>\n\t\t<\/div>\n\t\t\t\t\t<\/div>\n\t\t\t\t\t\t\t\t<\/div>\n\t\t\t\t<\/div>\n\t\t\t<\/div>\n\t\t<\/div>\n\t\t\t\t<div class=\" sp-pcp-col-xs-1 sp-pcp-col-sm-3 sp-pcp-col-md-3 sp-pcp-col-lg-4 sp-pcp-col-xl-4\">\n\t\t\t<div class=\"sp-pcp-post default pcp-item-5498\" data-id=\"5498\">\n\t\t\t\t\t\t\t\t<div class=\"pcp-post-thumb-wrapper\">\n\t\t\t\t\t<div class=\"sp-pcp-post-thumb-area\">\n\t\t\t\t\t\t\t\t\t\t\t\t<a class=\"sp-pcp-thumb\" href=\"https:\/\/ctm.ube.fr\/index.php\/2024\/04\/12\/repas-chercheurs-du-ctm-avril-2024\/\" target=\"_self\" >\n\t\t\t\t\t\t\t\t\t\t\t\t\t<img loading=\"lazy\" decoding=\"async\" src=\"https:\/\/ctm.ube.fr\/wp-content\/uploads\/2024\/04\/20240412_123149_repas-chercheurs_12AVRIL2024.jpg\" width=\"1025\" height=\"585\" alt=\"\">\n\t\t\t\t\t\t<\/a>\n\t\t\t\t\t<\/div>\n\t\t\t\t<\/div>\n\t\t\t\t\t\t\t\t<div class=\"sp-pcp-post-details\">\n\t\t\t\t\t<div class=\"sp-pcp-post-details-content\">\n\t\t\t\t\t\t\t\t<h2 class=\"sp-pcp-title\">\n\t\t\t\t\t\t\t\t\t<a href=\"https:\/\/ctm.ube.fr\/index.php\/2024\/04\/12\/repas-chercheurs-du-ctm-avril-2024\/\"  target=\"_self\">Repas Chercheurs du CTM Avril 2024<\/a>\t\t\t\t\t\t\t<\/h2>\n\t\t\t\t\t\t<div class=\"sp-pcp-post-meta\">\n\t\t\t<ul><li>\t\t\t\t\t<i class=\"fa fa-user\"><\/i>\n\t\t\t\t\t<a href=\"https:\/\/ctm.ube.fr\/index.php\/author\/omicheau\/\"\n\t\t\t\t\t\trel=\"author\">Olivier Micheau<\/a>\n\t\t\t\t\t<\/li> <li>\t\t\t\t\t<i class=\"fa fa-calendar\"><\/i>\n\t\t\t\t\t<time class=\"entry-date published updated\">12\/04\/2024<\/time>\n\t\t\t\t\t<\/li><\/ul>\t\t<\/div>\n\t\t\t\t\t<div class=\"sp-pcp-post-content\">\n\t\t\t<p>Repas des chercheurs du centre &#8211; Avril 2024 Les chercheurs du centre de recherche CTM se sont retrouv\u00e9s ce Vendredi 12 Avril 2024 pour un d\u00e9jeuner ensoleill\u00e9 au 4 \u00e8me \u00e9tage de l&rsquo;UFR Science de Sant\u00e9. \u00a0 Rendez-vous prochainement, pour une nouvelle \u00e9dition &#8230;&#8230;.. \u00a0 Surveillez vos mails. \u00a0 \u00a0<\/p>\n\t\t<div class=\"sp-pcp-readmore\">\n\t\t\t\t\t\t\t<a class=\"pcp-readmore-link\" target=\"_self\" href=\"https:\/\/ctm.ube.fr\/index.php\/2024\/04\/12\/repas-chercheurs-du-ctm-avril-2024\/\" >\n\t\t\t\t\t\tEn savoir plus <\/a>\n\t\t<\/div>\n\t\t\t\t\t<\/div>\n\t\t\t\t\t\t\t\t<\/div>\n\t\t\t\t<\/div>\n\t\t\t<\/div>\n\t\t<\/div>\n\t\t\t\t<div class=\" sp-pcp-col-xs-1 sp-pcp-col-sm-3 sp-pcp-col-md-3 sp-pcp-col-lg-4 sp-pcp-col-xl-4\">\n\t\t\t<div class=\"sp-pcp-post default pcp-item-5482\" data-id=\"5482\">\n\t\t\t\t\t\t\t\t<div class=\"pcp-post-thumb-wrapper\">\n\t\t\t\t\t<div class=\"sp-pcp-post-thumb-area\">\n\t\t\t\t\t\t\t\t\t\t\t\t<a class=\"sp-pcp-thumb\" href=\"https:\/\/ctm.ube.fr\/index.php\/2024\/04\/10\/forum_ia4care\/\" target=\"_self\" >\n\t\t\t\t\t\t\t\t\t\t\t\t\t<img loading=\"lazy\" decoding=\"async\" src=\"https:\/\/ctm.ube.fr\/wp-content\/uploads\/2024\/04\/image001.png\" width=\"604\" height=\"536\" alt=\"\">\n\t\t\t\t\t\t<\/a>\n\t\t\t\t\t<\/div>\n\t\t\t\t<\/div>\n\t\t\t\t\t\t\t\t<div class=\"sp-pcp-post-details\">\n\t\t\t\t\t<div class=\"sp-pcp-post-details-content\">\n\t\t\t\t\t\t\t\t<h2 class=\"sp-pcp-title\">\n\t\t\t\t\t\t\t\t\t<a href=\"https:\/\/ctm.ube.fr\/index.php\/2024\/04\/10\/forum_ia4care\/\"  target=\"_self\">Forum_IA4CARE<\/a>\t\t\t\t\t\t\t<\/h2>\n\t\t\t\t\t\t<div class=\"sp-pcp-post-meta\">\n\t\t\t<ul><li>\t\t\t\t\t<i class=\"fa fa-user\"><\/i>\n\t\t\t\t\t<a href=\"https:\/\/ctm.ube.fr\/index.php\/author\/omicheau\/\"\n\t\t\t\t\t\trel=\"author\">Olivier Micheau<\/a>\n\t\t\t\t\t<\/li> <li>\t\t\t\t\t<i class=\"fa fa-calendar\"><\/i>\n\t\t\t\t\t<time class=\"entry-date published updated\">10\/04\/2024<\/time>\n\t\t\t\t\t<\/li><\/ul>\t\t<\/div>\n\t\t\t\t\t<div class=\"sp-pcp-post-content\">\n\t\t\t<p>3i\u00e8me \u00e9dition du Forum IA4Care Jeudi 16 &amp; vendredi 17 mai 2024 Campus ESEO-ESTP\u00a0 \u00a011 Rue Sully, Dijon Vous \u00eates enseignants-chercheurs, professionnels de sant\u00e9, dirigeants ou cadres d&rsquo;entreprises, de startup ou d\u2019\u00e9tablissements de sant\u00e9. Vous \u00eates int\u00e9ress\u00e9s aux enjeux des applications de l\u2019Intelligence Artificielle et du num\u00e9rique en sant\u00e9 ? Alors inscrivez-vous \u00e0 la 3i\u00e8me ... <a title=\"Forum_IA4CARE\" class=\"read-more\" href=\"https:\/\/ctm.ube.fr\/index.php\/2024\/04\/10\/forum_ia4care\/\" aria-label=\"En savoir plus sur Forum_IA4CARE\">Lire la suite<\/a><\/p>\n\t\t<div class=\"sp-pcp-readmore\">\n\t\t\t\t\t\t\t<a class=\"pcp-readmore-link\" target=\"_self\" href=\"https:\/\/ctm.ube.fr\/index.php\/2024\/04\/10\/forum_ia4care\/\" >\n\t\t\t\t\t\tEn savoir plus <\/a>\n\t\t<\/div>\n\t\t\t\t\t<\/div>\n\t\t\t\t\t\t\t\t<\/div>\n\t\t\t\t<\/div>\n\t\t\t<\/div>\n\t\t<\/div>\n\t\t\t\t<div class=\" sp-pcp-col-xs-1 sp-pcp-col-sm-3 sp-pcp-col-md-3 sp-pcp-col-lg-4 sp-pcp-col-xl-4\">\n\t\t\t<div class=\"sp-pcp-post default pcp-item-5273\" data-id=\"5273\">\n\t\t\t\t\t\t\t\t<div class=\"pcp-post-thumb-wrapper\">\n\t\t\t\t\t<div class=\"sp-pcp-post-thumb-area\">\n\t\t\t\t\t\t\t\t\t\t\t\t<a class=\"sp-pcp-thumb\" href=\"https:\/\/ctm.ube.fr\/index.php\/2024\/03\/05\/pr-francois-ghiringhelli-laureat-pour-la-seconde-fois-du-prix-du-fonds-amgen-france-pour-la-science-et-lhumain\/\" target=\"_self\" >\n\t\t\t\t\t\t\t\t\t\t\t\t\t<img loading=\"lazy\" decoding=\"async\" src=\"https:\/\/ctm.ube.fr\/wp-content\/uploads\/2024\/03\/sante-le-professeur-francois-ghiringhelli-laureat-pour-la-seconde-fois-du-prix-du-fonds-amgen-france-pour-la-science-et-l-humain-une-premiere-426355.jpg\" width=\"1300\" height=\"866\" alt=\"\">\n\t\t\t\t\t\t<\/a>\n\t\t\t\t\t<\/div>\n\t\t\t\t<\/div>\n\t\t\t\t\t\t\t\t<div class=\"sp-pcp-post-details\">\n\t\t\t\t\t<div class=\"sp-pcp-post-details-content\">\n\t\t\t\t\t\t\t\t<h2 class=\"sp-pcp-title\">\n\t\t\t\t\t\t\t\t\t<a href=\"https:\/\/ctm.ube.fr\/index.php\/2024\/03\/05\/pr-francois-ghiringhelli-laureat-pour-la-seconde-fois-du-prix-du-fonds-amgen-france-pour-la-science-et-lhumain\/\"  target=\"_self\">Pr Fran\u00e7ois Ghiringhelli, laur\u00e9at pour la seconde fois du Prix du Fonds Amgen France pour la Science et l\u2019Humain<\/a>\t\t\t\t\t\t\t<\/h2>\n\t\t\t\t\t\t<div class=\"sp-pcp-post-meta\">\n\t\t\t<ul><li>\t\t\t\t\t<i class=\"fa fa-user\"><\/i>\n\t\t\t\t\t<a href=\"https:\/\/ctm.ube.fr\/index.php\/author\/fr3763he\/\"\n\t\t\t\t\t\trel=\"author\">Francois Hermetet<\/a>\n\t\t\t\t\t<\/li> <li>\t\t\t\t\t<i class=\"fa fa-calendar\"><\/i>\n\t\t\t\t\t<time class=\"entry-date published updated\">05\/03\/2024<\/time>\n\t\t\t\t\t<\/li><\/ul>\t\t<\/div>\n\t\t\t\t\t<div class=\"sp-pcp-post-content\">\n\t\t\t<p>Cr\u00e9dit photo : Manon Bollery<\/p>\n\t\t<div class=\"sp-pcp-readmore\">\n\t\t\t\t\t\t\t<a class=\"pcp-readmore-link\" target=\"_self\" href=\"https:\/\/ctm.ube.fr\/index.php\/2024\/03\/05\/pr-francois-ghiringhelli-laureat-pour-la-seconde-fois-du-prix-du-fonds-amgen-france-pour-la-science-et-lhumain\/\" >\n\t\t\t\t\t\tEn savoir plus <\/a>\n\t\t<\/div>\n\t\t\t\t\t<\/div>\n\t\t\t\t\t\t\t\t<\/div>\n\t\t\t\t<\/div>\n\t\t\t<\/div>\n\t\t<\/div>\n\t\t\t\t<div class=\" sp-pcp-col-xs-1 sp-pcp-col-sm-3 sp-pcp-col-md-3 sp-pcp-col-lg-4 sp-pcp-col-xl-4\">\n\t\t\t<div class=\"sp-pcp-post default pcp-item-5147\" data-id=\"5147\">\n\t\t\t\t\t\t\t\t<div class=\"pcp-post-thumb-wrapper\">\n\t\t\t\t\t<div class=\"sp-pcp-post-thumb-area\">\n\t\t\t\t\t\t\t\t\t\t\t\t<a class=\"sp-pcp-thumb\" href=\"https:\/\/ctm.ube.fr\/index.php\/2024\/02\/21\/journee-de-linserm-u1231-us58-edition-2024-2\/\" target=\"_self\" >\n\t\t\t\t\t\t\t\t\t\t\t\t\t<img loading=\"lazy\" decoding=\"async\" src=\"https:\/\/ctm.ube.fr\/wp-content\/uploads\/2024\/02\/IMG_1485-scaled.jpg\" width=\"2560\" height=\"1707\" alt=\"\">\n\t\t\t\t\t\t<\/a>\n\t\t\t\t\t<\/div>\n\t\t\t\t<\/div>\n\t\t\t\t\t\t\t\t<div class=\"sp-pcp-post-details\">\n\t\t\t\t\t<div class=\"sp-pcp-post-details-content\">\n\t\t\t\t\t\t\t\t<h2 class=\"sp-pcp-title\">\n\t\t\t\t\t\t\t\t\t<a href=\"https:\/\/ctm.ube.fr\/index.php\/2024\/02\/21\/journee-de-linserm-u1231-us58-edition-2024-2\/\"  target=\"_self\">Journ\u00e9e de l&rsquo;Inserm U1231\/US58 Edition 2024<\/a>\t\t\t\t\t\t\t<\/h2>\n\t\t\t\t\t\t<div class=\"sp-pcp-post-meta\">\n\t\t\t<ul><li>\t\t\t\t\t<i class=\"fa fa-user\"><\/i>\n\t\t\t\t\t<a href=\"https:\/\/ctm.ube.fr\/index.php\/author\/el6220ja\/\"\n\t\t\t\t\t\trel=\"author\">Elise Jacquin<\/a>\n\t\t\t\t\t<\/li> <li>\t\t\t\t\t<i class=\"fa fa-calendar\"><\/i>\n\t\t\t\t\t<time class=\"entry-date published updated\">21\/02\/2024<\/time>\n\t\t\t\t\t<\/li><\/ul>\t\t<\/div>\n\t\t\t\t\t<div class=\"sp-pcp-post-content\">\n\t\t\t<p>Le 9 f\u00e9vrier 2024 s&rsquo;est tenue la journ\u00e9e de l&rsquo;Inserm U1231 CTM et de l&rsquo;US58. Voici son bilan en quelques chiffres: &#8211;&nbsp;plus de 180&nbsp;participants, &#8211; la pr\u00e9sentation de notre nouvelle structure US58 et des&nbsp;7 plateformes&nbsp;qui la constituent, &#8211;&nbsp;9 pr\u00e9sentations scientifiques&nbsp;par les \u00e9quipes du CTM, &#8211;&nbsp;52 posters&nbsp;r\u00e9partis sur 3 sessions, f\u00e9licitations aux 3 laur\u00e9ats! &#8211; la ... <a title=\"Journ\u00e9e de l&rsquo;Inserm U1231\/US58 Edition 2024\" class=\"read-more\" href=\"https:\/\/ctm.ube.fr\/index.php\/2024\/02\/21\/journee-de-linserm-u1231-us58-edition-2024-2\/\" aria-label=\"En savoir plus sur Journ\u00e9e de l&rsquo;Inserm U1231\/US58 Edition 2024\">Lire la suite<\/a><\/p>\n\t\t<div class=\"sp-pcp-readmore\">\n\t\t\t\t\t\t\t<a class=\"pcp-readmore-link\" target=\"_self\" href=\"https:\/\/ctm.ube.fr\/index.php\/2024\/02\/21\/journee-de-linserm-u1231-us58-edition-2024-2\/\" >\n\t\t\t\t\t\tEn savoir plus <\/a>\n\t\t<\/div>\n\t\t\t\t\t<\/div>\n\t\t\t\t\t\t\t\t<\/div>\n\t\t\t\t<\/div>\n\t\t\t<\/div>\n\t\t<\/div>\n\t\t\t\t<div class=\" sp-pcp-col-xs-1 sp-pcp-col-sm-3 sp-pcp-col-md-3 sp-pcp-col-lg-4 sp-pcp-col-xl-4\">\n\t\t\t<div class=\"sp-pcp-post default pcp-item-5024\" data-id=\"5024\">\n\t\t\t\t\t\t\t\t<div class=\"pcp-post-thumb-wrapper\">\n\t\t\t\t\t<div class=\"sp-pcp-post-thumb-area\">\n\t\t\t\t\t\t\t\t\t\t\t\t<a class=\"sp-pcp-thumb\" href=\"https:\/\/ctm.ube.fr\/index.php\/2024\/02\/13\/pr-catherine-paul-appel-a-projets-inca-plbio-2023-projets-libres-de-recherche-biologie-et-sciences-du-cancer-development-of-bimodal-antibodies-targeting-colorectal-and-pancreatic-tumors-for\/\" target=\"_self\" >\n\t\t\t\t\t\t\t\t\t\t\t\t\t<img loading=\"lazy\" decoding=\"async\" src=\"https:\/\/ctm.ube.fr\/wp-content\/uploads\/2024\/02\/depositphotos_7292250-stock-photo-grants-edited-e1707820071484.webp\" width=\"300\" height=\"300\" alt=\"\">\n\t\t\t\t\t\t<\/a>\n\t\t\t\t\t<\/div>\n\t\t\t\t<\/div>\n\t\t\t\t\t\t\t\t<div class=\"sp-pcp-post-details\">\n\t\t\t\t\t<div class=\"sp-pcp-post-details-content\">\n\t\t\t\t\t\t\t\t<h2 class=\"sp-pcp-title\">\n\t\t\t\t\t\t\t\t\t<a href=\"https:\/\/ctm.ube.fr\/index.php\/2024\/02\/13\/pr-catherine-paul-appel-a-projets-inca-plbio-2023-projets-libres-de-recherche-biologie-et-sciences-du-cancer-development-of-bimodal-antibodies-targeting-colorectal-and-pancreatic-tumors-for\/\"  target=\"_self\">Pr Catherine PAUL &#8211; Appel \u00e0 projets InCa PLBIO 2023 &#8211; Projets libres de Recherche \u00ab\u00a0Biologie et Sciences du Cancer\u00a0\u00bb : Development of bimodal antibodies targeting colorectal and pancreatic tumors for fluorescence guided surgery application<\/a>\t\t\t\t\t\t\t<\/h2>\n\t\t\t\t\t\t<div class=\"sp-pcp-post-meta\">\n\t\t\t<ul><li>\t\t\t\t\t<i class=\"fa fa-user\"><\/i>\n\t\t\t\t\t<a href=\"https:\/\/ctm.ube.fr\/index.php\/author\/fr3763he\/\"\n\t\t\t\t\t\trel=\"author\">Francois Hermetet<\/a>\n\t\t\t\t\t<\/li> <li>\t\t\t\t\t<i class=\"fa fa-calendar\"><\/i>\n\t\t\t\t\t<time class=\"entry-date published updated\">13\/02\/2024<\/time>\n\t\t\t\t\t<\/li><\/ul>\t\t<\/div>\n\t\t\t\t\t<div class=\"sp-pcp-post-content\">\n\t\t\t<p>R\u00e9sum\u00e9 grand public : Malgr\u00e9 l&rsquo;\u00e9mergence des th\u00e9rapies cibl\u00e9es, la chirurgie joue toujours un r\u00f4le essentiel dans le traitement des cancers colorectal et pancr\u00e9atique.&nbsp;Cependant,&nbsp;un&nbsp;des&nbsp;probl\u00e8mes&nbsp;majeurs actuels&nbsp;r\u00e9side dans la difficult\u00e9 de d\u00e9tecter et de visualiser pr\u00e9cis\u00e9ment les tissus tumoraux. La chirurgie guid\u00e9e par visualisation de fluorescence (FGS pour&nbsp;Fluorescence Guided Surgery) permet aux chirurgiens une meilleure d\u00e9tection des ... <a title=\"Pr Catherine PAUL &#8211; Appel \u00e0 projets InCa PLBIO 2023 &#8211; Projets libres de Recherche \u00ab\u00a0Biologie et Sciences du Cancer\u00a0\u00bb : Development of bimodal antibodies targeting colorectal and pancreatic tumors for fluorescence guided surgery application\" class=\"read-more\" href=\"https:\/\/ctm.ube.fr\/index.php\/2024\/02\/13\/pr-catherine-paul-appel-a-projets-inca-plbio-2023-projets-libres-de-recherche-biologie-et-sciences-du-cancer-development-of-bimodal-antibodies-targeting-colorectal-and-pancreatic-tumors-for\/\" aria-label=\"En savoir plus sur Pr Catherine PAUL &#8211; Appel \u00e0 projets InCa PLBIO 2023 &#8211; Projets libres de Recherche \u00ab\u00a0Biologie et Sciences du Cancer\u00a0\u00bb : Development of bimodal antibodies targeting colorectal and pancreatic tumors for fluorescence guided surgery application\">Lire la suite<\/a><\/p>\n\t\t<div class=\"sp-pcp-readmore\">\n\t\t\t\t\t\t\t<a class=\"pcp-readmore-link\" target=\"_self\" href=\"https:\/\/ctm.ube.fr\/index.php\/2024\/02\/13\/pr-catherine-paul-appel-a-projets-inca-plbio-2023-projets-libres-de-recherche-biologie-et-sciences-du-cancer-development-of-bimodal-antibodies-targeting-colorectal-and-pancreatic-tumors-for\/\" >\n\t\t\t\t\t\tEn savoir plus <\/a>\n\t\t<\/div>\n\t\t\t\t\t<\/div>\n\t\t\t\t\t\t\t\t<\/div>\n\t\t\t\t<\/div>\n\t\t\t<\/div>\n\t\t<\/div>\n\t\t\t\t<div class=\" sp-pcp-col-xs-1 sp-pcp-col-sm-3 sp-pcp-col-md-3 sp-pcp-col-lg-4 sp-pcp-col-xl-4\">\n\t\t\t<div class=\"sp-pcp-post default pcp-item-4976\" data-id=\"4976\">\n\t\t\t\t\t\t\t\t<div class=\"pcp-post-thumb-wrapper\">\n\t\t\t\t\t<div class=\"sp-pcp-post-thumb-area\">\n\t\t\t\t\t\t\t\t\t\t\t\t<a class=\"sp-pcp-thumb\" href=\"https:\/\/ctm.ube.fr\/index.php\/2024\/02\/11\/today-we-celebrate-our-great-team-of-amazing-womeninscience-you-rock-womenandgirlsinscienceday-womeninstem\/\" target=\"_self\" >\n\t\t\t\t\t\t\t\t\t\t\t\t\t<img loading=\"lazy\" decoding=\"async\" src=\"https:\/\/ctm.ube.fr\/wp-content\/uploads\/2024\/02\/IMG_1490-scaled-e1707727670421.jpg\" width=\"2291\" height=\"1258\" alt=\"\">\n\t\t\t\t\t\t<\/a>\n\t\t\t\t\t<\/div>\n\t\t\t\t<\/div>\n\t\t\t\t\t\t\t\t<div class=\"sp-pcp-post-details\">\n\t\t\t\t\t<div class=\"sp-pcp-post-details-content\">\n\t\t\t\t\t\t\t\t<h2 class=\"sp-pcp-title\">\n\t\t\t\t\t\t\t\t\t<a href=\"https:\/\/ctm.ube.fr\/index.php\/2024\/02\/11\/today-we-celebrate-our-great-team-of-amazing-womeninscience-you-rock-womenandgirlsinscienceday-womeninstem\/\"  target=\"_self\">Today we celebrate our great team of amazing #WomenInScience ! You rock! #WomenAndGirlsInScienceDay #WomenInSTEM<\/a>\t\t\t\t\t\t\t<\/h2>\n\t\t\t\t\t\t<div class=\"sp-pcp-post-meta\">\n\t\t\t<ul><li>\t\t\t\t\t<i class=\"fa fa-user\"><\/i>\n\t\t\t\t\t<a href=\"https:\/\/ctm.ube.fr\/index.php\/author\/fr3763he\/\"\n\t\t\t\t\t\trel=\"author\">Francois Hermetet<\/a>\n\t\t\t\t\t<\/li> <li>\t\t\t\t\t<i class=\"fa fa-calendar\"><\/i>\n\t\t\t\t\t<time class=\"entry-date published updated\">11\/02\/2024<\/time>\n\t\t\t\t\t<\/li><\/ul>\t\t<\/div>\n\t\t\t\t\t<div class=\"sp-pcp-post-content\">\n\t\t\t<p>A l\u2019occasion de la journ\u00e9e internationale des femmes et des filles de Science, nous vous invitons \u00e0 d\u00e9couvrir ou re-d\u00e9couvrir une collection de BD intitul\u00e9e \u00ab Elles sont l\u2019Inserm \u00bb en suivant le lien suivant : https:\/\/www.inserm.fr\/culture-scientifique\/bande-dessinee-elles-sont-linserm-en-bd\/.\u00a0<\/p>\n\t\t<div class=\"sp-pcp-readmore\">\n\t\t\t\t\t\t\t<a class=\"pcp-readmore-link\" target=\"_self\" href=\"https:\/\/ctm.ube.fr\/index.php\/2024\/02\/11\/today-we-celebrate-our-great-team-of-amazing-womeninscience-you-rock-womenandgirlsinscienceday-womeninstem\/\" >\n\t\t\t\t\t\tEn savoir plus <\/a>\n\t\t<\/div>\n\t\t\t\t\t<\/div>\n\t\t\t\t\t\t\t\t<\/div>\n\t\t\t\t<\/div>\n\t\t\t<\/div>\n\t\t<\/div>\n\t\t\t\t<div class=\" sp-pcp-col-xs-1 sp-pcp-col-sm-3 sp-pcp-col-md-3 sp-pcp-col-lg-4 sp-pcp-col-xl-4\">\n\t\t\t<div class=\"sp-pcp-post default pcp-item-4881\" data-id=\"4881\">\n\t\t\t\t\t\t\t\t<div class=\"pcp-post-thumb-wrapper\">\n\t\t\t\t\t<div class=\"sp-pcp-post-thumb-area\">\n\t\t\t\t\t\t\t\t\t\t\t\t<a class=\"sp-pcp-thumb\" href=\"https:\/\/ctm.ube.fr\/index.php\/2024\/01\/26\/soutenance-dhdr-dr-melanie-bruchard\/\" target=\"_self\" >\n\t\t\t\t\t\t\t\t\t\t\t\t\t<img loading=\"lazy\" decoding=\"async\" src=\"https:\/\/ctm.ube.fr\/wp-content\/uploads\/2024\/01\/Melanie-Bruchard.jpg\" width=\"240\" height=\"240\" alt=\"\">\n\t\t\t\t\t\t<\/a>\n\t\t\t\t\t<\/div>\n\t\t\t\t<\/div>\n\t\t\t\t\t\t\t\t<div class=\"sp-pcp-post-details\">\n\t\t\t\t\t<div class=\"sp-pcp-post-details-content\">\n\t\t\t\t\t\t\t\t<h2 class=\"sp-pcp-title\">\n\t\t\t\t\t\t\t\t\t<a href=\"https:\/\/ctm.ube.fr\/index.php\/2024\/01\/26\/soutenance-dhdr-dr-melanie-bruchard\/\"  target=\"_self\">Soutenance d&rsquo;HDR &#8211; Dr. M\u00e9lanie Bruchard &#8211; Friday, January 26th<\/a>\t\t\t\t\t\t\t<\/h2>\n\t\t\t\t\t\t<div class=\"sp-pcp-post-meta\">\n\t\t\t<ul><li>\t\t\t\t\t<i class=\"fa fa-user\"><\/i>\n\t\t\t\t\t<a href=\"https:\/\/ctm.ube.fr\/index.php\/author\/fr3763he\/\"\n\t\t\t\t\t\trel=\"author\">Francois Hermetet<\/a>\n\t\t\t\t\t<\/li> <li>\t\t\t\t\t<i class=\"fa fa-calendar\"><\/i>\n\t\t\t\t\t<time class=\"entry-date published updated\">26\/01\/2024<\/time>\n\t\t\t\t\t<\/li><\/ul>\t\t<\/div>\n\t\t\t\t\t<div class=\"sp-pcp-post-content\">\n\t\t\t<p>CRCN INSERMUMR1231 Inserm \/ uB \/ Institut Agro DijonCenter For Translational and Molecular medicine (CTM) &#8211; TIRECS team \u00ab\u00a0Importance des cellules de la famille des lympho\u00efdes inn\u00e9es dans la r\u00e9ponse aux traitements dans le cancer\u00a0\u00bb Vendredi 26 Janvier \u00e0 14h Salle des Th\u00e8ses &#8211; UFR Sciences de Sant\u00e9 Membres du Jury :<\/p>\n\t\t<div class=\"sp-pcp-readmore\">\n\t\t\t\t\t\t\t<a class=\"pcp-readmore-link\" target=\"_self\" href=\"https:\/\/ctm.ube.fr\/index.php\/2024\/01\/26\/soutenance-dhdr-dr-melanie-bruchard\/\" >\n\t\t\t\t\t\tEn savoir plus <\/a>\n\t\t<\/div>\n\t\t\t\t\t<\/div>\n\t\t\t\t\t\t\t\t<\/div>\n\t\t\t\t<\/div>\n\t\t\t<\/div>\n\t\t<\/div>\n\t\t\t\t<div class=\" sp-pcp-col-xs-1 sp-pcp-col-sm-3 sp-pcp-col-md-3 sp-pcp-col-lg-4 sp-pcp-col-xl-4\">\n\t\t\t<div class=\"sp-pcp-post default pcp-item-4742\" data-id=\"4742\">\n\t\t\t\t\t\t\t\t<div class=\"pcp-post-thumb-wrapper\">\n\t\t\t\t\t<div class=\"sp-pcp-post-thumb-area\">\n\t\t\t\t\t\t\t\t\t\t\t\t<a class=\"sp-pcp-thumb\" href=\"https:\/\/ctm.ube.fr\/index.php\/2024\/01\/14\/seminaire-du-pr-pierre-sonveaux\/\" target=\"_self\" >\n\t\t\t\t\t\t\t\t\t\t\t\t\t<img loading=\"lazy\" decoding=\"async\" src=\"https:\/\/ctm.ube.fr\/wp-content\/uploads\/2024\/01\/CTM-LOGO-Webinar-scaled.jpg\" width=\"2560\" height=\"1840\" alt=\"\">\n\t\t\t\t\t\t<\/a>\n\t\t\t\t\t<\/div>\n\t\t\t\t<\/div>\n\t\t\t\t\t\t\t\t<div class=\"sp-pcp-post-details\">\n\t\t\t\t\t<div class=\"sp-pcp-post-details-content\">\n\t\t\t\t\t\t\t\t<h2 class=\"sp-pcp-title\">\n\t\t\t\t\t\t\t\t\t<a href=\"https:\/\/ctm.ube.fr\/index.php\/2024\/01\/14\/seminaire-du-pr-pierre-sonveaux\/\"  target=\"_self\">S\u00e9minaire du Pr Pierre Sonveaux<\/a>\t\t\t\t\t\t\t<\/h2>\n\t\t\t\t\t\t<div class=\"sp-pcp-post-meta\">\n\t\t\t<ul><li>\t\t\t\t\t<i class=\"fa fa-user\"><\/i>\n\t\t\t\t\t<a href=\"https:\/\/ctm.ube.fr\/index.php\/author\/omicheau\/\"\n\t\t\t\t\t\trel=\"author\">Olivier Micheau<\/a>\n\t\t\t\t\t<\/li> <li>\t\t\t\t\t<i class=\"fa fa-calendar\"><\/i>\n\t\t\t\t\t<time class=\"entry-date published updated\">14\/01\/2024<\/time>\n\t\t\t\t\t<\/li><\/ul>\t\t<\/div>\n\t\t\t\t\t<div class=\"sp-pcp-post-content\">\n\t\t\t\t\t<div class=\"sp-pcp-readmore\">\n\t\t\t\t\t\t\t<a class=\"pcp-readmore-link\" target=\"_self\" href=\"https:\/\/ctm.ube.fr\/index.php\/2024\/01\/14\/seminaire-du-pr-pierre-sonveaux\/\" >\n\t\t\t\t\t\tEn savoir plus <\/a>\n\t\t<\/div>\n\t\t\t\t\t<\/div>\n\t\t\t\t\t\t\t\t<\/div>\n\t\t\t\t<\/div>\n\t\t\t<\/div>\n\t\t<\/div>\n\t\t\t\t<div class=\" sp-pcp-col-xs-1 sp-pcp-col-sm-3 sp-pcp-col-md-3 sp-pcp-col-lg-4 sp-pcp-col-xl-4\">\n\t\t\t<div class=\"sp-pcp-post default pcp-item-4719\" data-id=\"4719\">\n\t\t\t\t\t\t\t\t<div class=\"pcp-post-thumb-wrapper\">\n\t\t\t\t\t<div class=\"sp-pcp-post-thumb-area\">\n\t\t\t\t\t\t\t\t\t\t\t\t<a class=\"sp-pcp-thumb\" href=\"https:\/\/ctm.ube.fr\/index.php\/2024\/01\/09\/presentation-du-nouvel-incucyte\/\" target=\"_self\" >\n\t\t\t\t\t\t\t\t\t\t\t\t\t<img loading=\"lazy\" decoding=\"async\" src=\"https:\/\/ctm.ube.fr\/wp-content\/uploads\/2024\/01\/CTM-LOGO-SEMINARS-scaled.jpg\" width=\"2560\" height=\"1840\" alt=\"\">\n\t\t\t\t\t\t<\/a>\n\t\t\t\t\t<\/div>\n\t\t\t\t<\/div>\n\t\t\t\t\t\t\t\t<div class=\"sp-pcp-post-details\">\n\t\t\t\t\t<div class=\"sp-pcp-post-details-content\">\n\t\t\t\t\t\t\t\t<h2 class=\"sp-pcp-title\">\n\t\t\t\t\t\t\t\t\t<a href=\"https:\/\/ctm.ube.fr\/index.php\/2024\/01\/09\/presentation-du-nouvel-incucyte\/\"  target=\"_self\">Pr\u00e9sentation du Nouvel Incucyte<\/a>\t\t\t\t\t\t\t<\/h2>\n\t\t\t\t\t\t<div class=\"sp-pcp-post-meta\">\n\t\t\t<ul><li>\t\t\t\t\t<i class=\"fa fa-user\"><\/i>\n\t\t\t\t\t<a href=\"https:\/\/ctm.ube.fr\/index.php\/author\/omicheau\/\"\n\t\t\t\t\t\trel=\"author\">Olivier Micheau<\/a>\n\t\t\t\t\t<\/li> <li>\t\t\t\t\t<i class=\"fa fa-calendar\"><\/i>\n\t\t\t\t\t<time class=\"entry-date published updated\">09\/01\/2024<\/time>\n\t\t\t\t\t<\/li><\/ul>\t\t<\/div>\n\t\t\t\t\t<div class=\"sp-pcp-post-content\">\n\t\t\t<p>Pr\u00e9sentation des fonctionnalit\u00e9s du nouvel INCUCYTE. Confirm\u00e9s ou d\u00e9butants, la pr\u00e9sentation est obligatoire pour les utilisateurs potentiels.<\/p>\n\t\t<div class=\"sp-pcp-readmore\">\n\t\t\t\t\t\t\t<a class=\"pcp-readmore-link\" target=\"_self\" href=\"https:\/\/ctm.ube.fr\/index.php\/2024\/01\/09\/presentation-du-nouvel-incucyte\/\" >\n\t\t\t\t\t\tEn savoir plus <\/a>\n\t\t<\/div>\n\t\t\t\t\t<\/div>\n\t\t\t\t\t\t\t\t<\/div>\n\t\t\t\t<\/div>\n\t\t\t<\/div>\n\t\t<\/div>\n\t\t\t\t<div class=\" sp-pcp-col-xs-1 sp-pcp-col-sm-3 sp-pcp-col-md-3 sp-pcp-col-lg-4 sp-pcp-col-xl-4\">\n\t\t\t<div class=\"sp-pcp-post default pcp-item-3334\" data-id=\"3334\">\n\t\t\t\t\t\t\t\t<div class=\"pcp-post-thumb-wrapper\">\n\t\t\t\t\t<div class=\"sp-pcp-post-thumb-area\">\n\t\t\t\t\t\t\t\t\t\t\t\t<a class=\"sp-pcp-thumb\" href=\"https:\/\/ctm.ube.fr\/index.php\/2023\/12\/18\/interfacing-micro-fluidic-and-chemistry\/\" target=\"_self\" >\n\t\t\t\t\t\t\t\t\t\t\t\t\t<img loading=\"lazy\" decoding=\"async\" src=\"https:\/\/ctm.ube.fr\/wp-content\/uploads\/2024\/01\/CTM-LOGO-SEMINARS-scaled.jpg\" width=\"2560\" height=\"1840\" alt=\"\">\n\t\t\t\t\t\t<\/a>\n\t\t\t\t\t<\/div>\n\t\t\t\t<\/div>\n\t\t\t\t\t\t\t\t<div class=\"sp-pcp-post-details\">\n\t\t\t\t\t<div class=\"sp-pcp-post-details-content\">\n\t\t\t\t\t\t\t\t<h2 class=\"sp-pcp-title\">\n\t\t\t\t\t\t\t\t\t<a href=\"https:\/\/ctm.ube.fr\/index.php\/2023\/12\/18\/interfacing-micro-fluidic-and-chemistry\/\"  target=\"_self\">Dr Alain Wagner :Thursday, December 21th &#8211; 10h30 &#8211; Room 223<\/a>\t\t\t\t\t\t\t<\/h2>\n\t\t\t\t\t\t<div class=\"sp-pcp-post-meta\">\n\t\t\t<ul><li>\t\t\t\t\t<i class=\"fa fa-user\"><\/i>\n\t\t\t\t\t<a href=\"https:\/\/ctm.ube.fr\/index.php\/author\/omicheau\/\"\n\t\t\t\t\t\trel=\"author\">Olivier Micheau<\/a>\n\t\t\t\t\t<\/li> <li>\t\t\t\t\t<i class=\"fa fa-calendar\"><\/i>\n\t\t\t\t\t<time class=\"entry-date published updated\">18\/12\/2023<\/time>\n\t\t\t\t\t<\/li><\/ul>\t\t<\/div>\n\t\t\t\t\t<div class=\"sp-pcp-post-content\">\n\t\t\t<p>Interfacing chemistry and microfluidics: Toward Single Cell Functional Biology (Dec 2023)<\/p>\n\t\t<div class=\"sp-pcp-readmore\">\n\t\t\t\t\t\t\t<a class=\"pcp-readmore-link\" target=\"_self\" href=\"https:\/\/ctm.ube.fr\/index.php\/2023\/12\/18\/interfacing-micro-fluidic-and-chemistry\/\" >\n\t\t\t\t\t\tEn savoir plus <\/a>\n\t\t<\/div>\n\t\t\t\t\t<\/div>\n\t\t\t\t\t\t\t\t<\/div>\n\t\t\t\t<\/div>\n\t\t\t<\/div>\n\t\t<\/div>\n\t\t\t\t<div class=\" sp-pcp-col-xs-1 sp-pcp-col-sm-3 sp-pcp-col-md-3 sp-pcp-col-lg-4 sp-pcp-col-xl-4\">\n\t\t\t<div class=\"sp-pcp-post default pcp-item-3965\" data-id=\"3965\">\n\t\t\t\t\t\t\t\t<div class=\"pcp-post-thumb-wrapper\">\n\t\t\t\t\t<div class=\"sp-pcp-post-thumb-area\">\n\t\t\t\t\t\t\t\t\t\t\t\t<a class=\"sp-pcp-thumb\" href=\"https:\/\/ctm.ube.fr\/index.php\/2023\/12\/18\/ctm-u1231-seminar-dr-rafael-arguello-from-ciml-marseille-france-tomorrow-130-to-230-pm-amphi-martin\/\" target=\"_self\" >\n\t\t\t\t\t\t\t\t\t\t\t\t\t<img loading=\"lazy\" decoding=\"async\" src=\"https:\/\/ctm.ube.fr\/wp-content\/uploads\/2024\/01\/CTM-LOGO-SEMINARS-scaled.jpg\" width=\"2560\" height=\"1840\" alt=\"\">\n\t\t\t\t\t\t<\/a>\n\t\t\t\t\t<\/div>\n\t\t\t\t<\/div>\n\t\t\t\t\t\t\t\t<div class=\"sp-pcp-post-details\">\n\t\t\t\t\t<div class=\"sp-pcp-post-details-content\">\n\t\t\t\t\t\t\t\t<h2 class=\"sp-pcp-title\">\n\t\t\t\t\t\t\t\t\t<a href=\"https:\/\/ctm.ube.fr\/index.php\/2023\/12\/18\/ctm-u1231-seminar-dr-rafael-arguello-from-ciml-marseille-france-tomorrow-130-to-230-pm-amphi-martin\/\"  target=\"_self\">CTM U1231 seminar: Dr Rafael Arg\u00fcello from CIML (Marseille, France) &#8211; Monday, December 18th 1:30 to 2:30 pm, amphi Martin<\/a>\t\t\t\t\t\t\t<\/h2>\n\t\t\t\t\t\t<div class=\"sp-pcp-post-meta\">\n\t\t\t<ul><li>\t\t\t\t\t<i class=\"fa fa-user\"><\/i>\n\t\t\t\t\t<a href=\"https:\/\/ctm.ube.fr\/index.php\/author\/omicheau\/\"\n\t\t\t\t\t\trel=\"author\">Olivier Micheau<\/a>\n\t\t\t\t\t<\/li> <li>\t\t\t\t\t<i class=\"fa fa-calendar\"><\/i>\n\t\t\t\t\t<time class=\"entry-date published updated\">18\/12\/2023<\/time>\n\t\t\t\t\t<\/li><\/ul>\t\t<\/div>\n\t\t\t\t\t<div class=\"sp-pcp-post-content\">\n\t\t\t\t\t<div class=\"sp-pcp-readmore\">\n\t\t\t\t\t\t\t<a class=\"pcp-readmore-link\" target=\"_self\" href=\"https:\/\/ctm.ube.fr\/index.php\/2023\/12\/18\/ctm-u1231-seminar-dr-rafael-arguello-from-ciml-marseille-france-tomorrow-130-to-230-pm-amphi-martin\/\" >\n\t\t\t\t\t\tEn savoir plus <\/a>\n\t\t<\/div>\n\t\t\t\t\t<\/div>\n\t\t\t\t\t\t\t\t<\/div>\n\t\t\t\t<\/div>\n\t\t\t<\/div>\n\t\t<\/div>\n\t\t\t\t<div class=\" sp-pcp-col-xs-1 sp-pcp-col-sm-3 sp-pcp-col-md-3 sp-pcp-col-lg-4 sp-pcp-col-xl-4\">\n\t\t\t<div class=\"sp-pcp-post default pcp-item-3252\" data-id=\"3252\">\n\t\t\t\t\t\t\t\t<div class=\"pcp-post-thumb-wrapper\">\n\t\t\t\t\t<div class=\"sp-pcp-post-thumb-area\">\n\t\t\t\t\t\t\t\t\t\t\t\t<a class=\"sp-pcp-thumb\" href=\"https:\/\/ctm.ube.fr\/index.php\/2023\/11\/27\/elementor-3252\/\" target=\"_self\" >\n\t\t\t\t\t\t\t\t\t\t\t\t\t<img loading=\"lazy\" decoding=\"async\" src=\"https:\/\/ctm.ube.fr\/wp-content\/uploads\/2024\/01\/CTM-LOGO-SEMINARS-scaled.jpg\" width=\"2560\" height=\"1840\" alt=\"\">\n\t\t\t\t\t\t<\/a>\n\t\t\t\t\t<\/div>\n\t\t\t\t<\/div>\n\t\t\t\t\t\t\t\t<div class=\"sp-pcp-post-details\">\n\t\t\t\t\t<div class=\"sp-pcp-post-details-content\">\n\t\t\t\t\t\t\t\t<h2 class=\"sp-pcp-title\">\n\t\t\t\t\t\t\t\t\t<a href=\"https:\/\/ctm.ube.fr\/index.php\/2023\/11\/27\/elementor-3252\/\"  target=\"_self\">Isabel Gonzalez-Marsical<\/a>\t\t\t\t\t\t\t<\/h2>\n\t\t\t\t\t\t<div class=\"sp-pcp-post-meta\">\n\t\t\t<ul><li>\t\t\t\t\t<i class=\"fa fa-user\"><\/i>\n\t\t\t\t\t<a href=\"https:\/\/ctm.ube.fr\/index.php\/author\/to4829jo\/\"\n\t\t\t\t\t\trel=\"author\">Tony Jourdan<\/a>\n\t\t\t\t\t<\/li> <li>\t\t\t\t\t<i class=\"fa fa-calendar\"><\/i>\n\t\t\t\t\t<time class=\"entry-date published updated\">27\/11\/2023<\/time>\n\t\t\t\t\t<\/li><\/ul>\t\t<\/div>\n\t\t\t\t\t<div class=\"sp-pcp-post-content\">\n\t\t\t<p>Unlocking the Nexus: Endocannabinoid System in Islets \u2013 Deciphering Their Crucial Role in the Pathophysiology of Type 1 Diabetes.<\/p>\n\t\t<div class=\"sp-pcp-readmore\">\n\t\t\t\t\t\t\t<a class=\"pcp-readmore-link\" target=\"_self\" href=\"https:\/\/ctm.ube.fr\/index.php\/2023\/11\/27\/elementor-3252\/\" >\n\t\t\t\t\t\tEn savoir plus <\/a>\n\t\t<\/div>\n\t\t\t\t\t<\/div>\n\t\t\t\t\t\t\t\t<\/div>\n\t\t\t\t<\/div>\n\t\t\t<\/div>\n\t\t<\/div>\n\t\t\t\t<div class=\" sp-pcp-col-xs-1 sp-pcp-col-sm-3 sp-pcp-col-md-3 sp-pcp-col-lg-4 sp-pcp-col-xl-4\">\n\t\t\t<div class=\"sp-pcp-post default pcp-item-3178\" data-id=\"3178\">\n\t\t\t\t\t\t\t\t<div class=\"pcp-post-thumb-wrapper\">\n\t\t\t\t\t<div class=\"sp-pcp-post-thumb-area\">\n\t\t\t\t\t\t\t\t\t\t\t\t<a class=\"sp-pcp-thumb\" href=\"https:\/\/ctm.ube.fr\/index.php\/2023\/11\/22\/classement-stanford-2023\/\" target=\"_self\" >\n\t\t\t\t\t\t\t\t\t\t\t\t\t<img loading=\"lazy\" decoding=\"async\" src=\"https:\/\/ctm.ube.fr\/wp-content\/uploads\/2023\/11\/2023-Stanford-1.jpg\" width=\"809\" height=\"612\" alt=\"\">\n\t\t\t\t\t\t<\/a>\n\t\t\t\t\t<\/div>\n\t\t\t\t<\/div>\n\t\t\t\t\t\t\t\t<div class=\"sp-pcp-post-details\">\n\t\t\t\t\t<div class=\"sp-pcp-post-details-content\">\n\t\t\t\t\t\t\t\t<h2 class=\"sp-pcp-title\">\n\t\t\t\t\t\t\t\t\t<a href=\"https:\/\/ctm.ube.fr\/index.php\/2023\/11\/22\/classement-stanford-2023\/\"  target=\"_self\">Classement Stanford 2023<\/a>\t\t\t\t\t\t\t<\/h2>\n\t\t\t\t\t\t<div class=\"sp-pcp-post-meta\">\n\t\t\t<ul><li>\t\t\t\t\t<i class=\"fa fa-user\"><\/i>\n\t\t\t\t\t<a href=\"https:\/\/ctm.ube.fr\/index.php\/author\/omicheau\/\"\n\t\t\t\t\t\trel=\"author\">Olivier Micheau<\/a>\n\t\t\t\t\t<\/li> <li>\t\t\t\t\t<i class=\"fa fa-calendar\"><\/i>\n\t\t\t\t\t<time class=\"entry-date published updated\">22\/11\/2023<\/time>\n\t\t\t\t\t<\/li><\/ul>\t\t<\/div>\n\t\t\t\t\t<div class=\"sp-pcp-post-content\">\n\t\t\t<p>Pour la seconde ann\u00e9e cons\u00e9cutive 17 de nos chercheurs figurent sur la liste des chercheurs les plus influents dans le monde.<\/p>\n\t\t<div class=\"sp-pcp-readmore\">\n\t\t\t\t\t\t\t<a class=\"pcp-readmore-link\" target=\"_self\" href=\"https:\/\/ctm.ube.fr\/index.php\/2023\/11\/22\/classement-stanford-2023\/\" >\n\t\t\t\t\t\tEn savoir plus <\/a>\n\t\t<\/div>\n\t\t\t\t\t<\/div>\n\t\t\t\t\t\t\t\t<\/div>\n\t\t\t\t<\/div>\n\t\t\t<\/div>\n\t\t<\/div>\n\t\t\t\t<div class=\" sp-pcp-col-xs-1 sp-pcp-col-sm-3 sp-pcp-col-md-3 sp-pcp-col-lg-4 sp-pcp-col-xl-4\">\n\t\t\t<div class=\"sp-pcp-post default pcp-item-3168\" data-id=\"3168\">\n\t\t\t\t\t\t\t\t<div class=\"pcp-post-thumb-wrapper\">\n\t\t\t\t\t<div class=\"sp-pcp-post-thumb-area\">\n\t\t\t\t\t\t\t\t\t\t\t\t<a class=\"sp-pcp-thumb\" href=\"https:\/\/ctm.ube.fr\/index.php\/2023\/11\/22\/iam-it-aux-journees-anr-10-ans-de-labcom-2023\/\" target=\"_self\" >\n\t\t\t\t\t\t\t\t\t\t\t\t\t<img loading=\"lazy\" decoding=\"async\" src=\"https:\/\/ctm.ube.fr\/wp-content\/uploads\/2023\/11\/LABCOM_Figure_Actualite2.jpg\" width=\"2544\" height=\"1824\" alt=\"image_d_illustration\">\n\t\t\t\t\t\t<\/a>\n\t\t\t\t\t<\/div>\n\t\t\t\t<\/div>\n\t\t\t\t\t\t\t\t<div class=\"sp-pcp-post-details\">\n\t\t\t\t\t<div class=\"sp-pcp-post-details-content\">\n\t\t\t\t\t\t\t\t<h2 class=\"sp-pcp-title\">\n\t\t\t\t\t\t\t\t\t<a href=\"https:\/\/ctm.ube.fr\/index.php\/2023\/11\/22\/iam-it-aux-journees-anr-10-ans-de-labcom-2023\/\"  target=\"_self\">IAM-IT aux Journ\u00e9es ANR \u00ab\u00a010 ans de Labcom\u00a0\u00bb 2023<\/a>\t\t\t\t\t\t\t<\/h2>\n\t\t\t\t\t\t<div class=\"sp-pcp-post-meta\">\n\t\t\t<ul><li>\t\t\t\t\t<i class=\"fa fa-user\"><\/i>\n\t\t\t\t\t<a href=\"https:\/\/ctm.ube.fr\/index.php\/author\/omicheau\/\"\n\t\t\t\t\t\trel=\"author\">Olivier Micheau<\/a>\n\t\t\t\t\t<\/li> <li>\t\t\t\t\t<i class=\"fa fa-calendar\"><\/i>\n\t\t\t\t\t<time class=\"entry-date published updated\">22\/11\/2023<\/time>\n\t\t\t\t\t<\/li><\/ul>\t\t<\/div>\n\t\t\t\t\t<div class=\"sp-pcp-post-content\">\n\t\t\t<p>Le LabCom IAM-IT participe aux 10 ans du programme LabCom ANR -maison de la chimie - Paris<\/p>\n\t\t<div class=\"sp-pcp-readmore\">\n\t\t\t\t\t\t\t<a class=\"pcp-readmore-link\" target=\"_self\" href=\"https:\/\/ctm.ube.fr\/index.php\/2023\/11\/22\/iam-it-aux-journees-anr-10-ans-de-labcom-2023\/\" >\n\t\t\t\t\t\tEn savoir plus <\/a>\n\t\t<\/div>\n\t\t\t\t\t<\/div>\n\t\t\t\t\t\t\t\t<\/div>\n\t\t\t\t<\/div>\n\t\t\t<\/div>\n\t\t<\/div>\n\t\t\t\t<div class=\" sp-pcp-col-xs-1 sp-pcp-col-sm-3 sp-pcp-col-md-3 sp-pcp-col-lg-4 sp-pcp-col-xl-4\">\n\t\t\t<div class=\"sp-pcp-post default pcp-item-375\" data-id=\"375\">\n\t\t\t\t\t\t\t\t<div class=\"pcp-post-thumb-wrapper\">\n\t\t\t\t\t<div class=\"sp-pcp-post-thumb-area\">\n\t\t\t\t\t\t\t\t\t\t\t\t<a class=\"sp-pcp-thumb\" href=\"https:\/\/ctm.ube.fr\/index.php\/2023\/06\/27\/seipin-deficiency-as-a-model-of-severe-adipocyte-dysfunction\/\" target=\"_self\" >\n\t\t\t\t\t\t\t\t\t\t\t\t\t<img loading=\"lazy\" decoding=\"async\" src=\"https:\/\/ctm.ube.fr\/wp-content\/uploads\/2023\/08\/LOGO_ub_jpeg_filet_orange_2019.jpg\" width=\"691\" height=\"431\" alt=\"\">\n\t\t\t\t\t\t<\/a>\n\t\t\t\t\t<\/div>\n\t\t\t\t<\/div>\n\t\t\t\t\t\t\t\t<div class=\"sp-pcp-post-details\">\n\t\t\t\t\t<div class=\"sp-pcp-post-details-content\">\n\t\t\t\t\t\t\t\t<h2 class=\"sp-pcp-title\">\n\t\t\t\t\t\t\t\t\t<a href=\"https:\/\/ctm.ube.fr\/index.php\/2023\/06\/27\/seipin-deficiency-as-a-model-of-severe-adipocyte-dysfunction\/\"  target=\"_self\">Seipin deficiency as a model of severe adipocyte dysfunction<\/a>\t\t\t\t\t\t\t<\/h2>\n\t\t\t\t\t\t<div class=\"sp-pcp-post-meta\">\n\t\t\t<ul><li>\t\t\t\t\t<i class=\"fa fa-user\"><\/i>\n\t\t\t\t\t<a href=\"https:\/\/ctm.ube.fr\/index.php\/author\/stagiaire\/\"\n\t\t\t\t\t\trel=\"author\">Stagiaire<\/a>\n\t\t\t\t\t<\/li> <li>\t\t\t\t\t<i class=\"fa fa-calendar\"><\/i>\n\t\t\t\t\t<time class=\"entry-date published updated\">27\/06\/2023<\/time>\n\t\t\t\t\t<\/li><\/ul>\t\t<\/div>\n\t\t\t\t\t<div class=\"sp-pcp-post-content\">\n\t\t\t\t\t<div class=\"sp-pcp-readmore\">\n\t\t\t\t\t\t\t<a class=\"pcp-readmore-link\" target=\"_self\" href=\"https:\/\/ctm.ube.fr\/index.php\/2023\/06\/27\/seipin-deficiency-as-a-model-of-severe-adipocyte-dysfunction\/\" >\n\t\t\t\t\t\tEn savoir plus <\/a>\n\t\t<\/div>\n\t\t\t\t\t<\/div>\n\t\t\t\t\t\t\t\t<\/div>\n\t\t\t\t<\/div>\n\t\t\t<\/div>\n\t\t<\/div>\n\t\t\t\t<div class=\" sp-pcp-col-xs-1 sp-pcp-col-sm-3 sp-pcp-col-md-3 sp-pcp-col-lg-4 sp-pcp-col-xl-4\">\n\t\t\t<div class=\"sp-pcp-post default pcp-item-373\" data-id=\"373\">\n\t\t\t\t\t\t\t\t<div class=\"pcp-post-thumb-wrapper\">\n\t\t\t\t\t<div class=\"sp-pcp-post-thumb-area\">\n\t\t\t\t\t\t\t\t\t\t\t\t<a class=\"sp-pcp-thumb\" href=\"https:\/\/ctm.ube.fr\/index.php\/2023\/06\/27\/cd28-costimulation-is-required-for-self-renewal-and-differentiation-of-tcf-1-pd-1-cd8-t-cells\/\" target=\"_self\" >\n\t\t\t\t\t\t\t\t\t\t\t\t\t<img loading=\"lazy\" decoding=\"async\" src=\"https:\/\/ctm.ube.fr\/wp-content\/uploads\/2023\/08\/chu-2.jpg\" width=\"1200\" height=\"680\" alt=\"\">\n\t\t\t\t\t\t<\/a>\n\t\t\t\t\t<\/div>\n\t\t\t\t<\/div>\n\t\t\t\t\t\t\t\t<div class=\"sp-pcp-post-details\">\n\t\t\t\t\t<div class=\"sp-pcp-post-details-content\">\n\t\t\t\t\t\t\t\t<h2 class=\"sp-pcp-title\">\n\t\t\t\t\t\t\t\t\t<a href=\"https:\/\/ctm.ube.fr\/index.php\/2023\/06\/27\/cd28-costimulation-is-required-for-self-renewal-and-differentiation-of-tcf-1-pd-1-cd8-t-cells\/\"  target=\"_self\">CD28 costimulation is required for self-renewal and differentiation of TCF-1+ PD-1+ CD8 T cells<\/a>\t\t\t\t\t\t\t<\/h2>\n\t\t\t\t\t\t<div class=\"sp-pcp-post-meta\">\n\t\t\t<ul><li>\t\t\t\t\t<i class=\"fa fa-user\"><\/i>\n\t\t\t\t\t<a href=\"https:\/\/ctm.ube.fr\/index.php\/author\/stagiaire\/\"\n\t\t\t\t\t\trel=\"author\">Stagiaire<\/a>\n\t\t\t\t\t<\/li> <li>\t\t\t\t\t<i class=\"fa fa-calendar\"><\/i>\n\t\t\t\t\t<time class=\"entry-date published updated\">27\/06\/2023<\/time>\n\t\t\t\t\t<\/li><\/ul>\t\t<\/div>\n\t\t\t\t\t<div class=\"sp-pcp-post-content\">\n\t\t\t\t\t<div class=\"sp-pcp-readmore\">\n\t\t\t\t\t\t\t<a class=\"pcp-readmore-link\" target=\"_self\" href=\"https:\/\/ctm.ube.fr\/index.php\/2023\/06\/27\/cd28-costimulation-is-required-for-self-renewal-and-differentiation-of-tcf-1-pd-1-cd8-t-cells\/\" >\n\t\t\t\t\t\tEn savoir plus <\/a>\n\t\t<\/div>\n\t\t\t\t\t<\/div>\n\t\t\t\t\t\t\t\t<\/div>\n\t\t\t\t<\/div>\n\t\t\t<\/div>\n\t\t<\/div>\n\t\t\t\t<div class=\" sp-pcp-col-xs-1 sp-pcp-col-sm-3 sp-pcp-col-md-3 sp-pcp-col-lg-4 sp-pcp-col-xl-4\">\n\t\t\t<div class=\"sp-pcp-post default pcp-item-371\" data-id=\"371\">\n\t\t\t\t\t\t\t\t<div class=\"pcp-post-thumb-wrapper\">\n\t\t\t\t\t<div class=\"sp-pcp-post-thumb-area\">\n\t\t\t\t\t\t\t\t\t\t\t\t<a class=\"sp-pcp-thumb\" href=\"https:\/\/ctm.ube.fr\/index.php\/2023\/06\/27\/translational-epigenetics-exploring-chromatin-pathways-to-provide-new-clinical-insights\/\" target=\"_self\" >\n\t\t\t\t\t\t\t\t\t\t\t\t\t<img loading=\"lazy\" decoding=\"async\" src=\"https:\/\/ctm.ube.fr\/wp-content\/uploads\/2023\/08\/02CampusDijon.jpg\" width=\"738\" height=\"492\" alt=\"\">\n\t\t\t\t\t\t<\/a>\n\t\t\t\t\t<\/div>\n\t\t\t\t<\/div>\n\t\t\t\t\t\t\t\t<div class=\"sp-pcp-post-details\">\n\t\t\t\t\t<div class=\"sp-pcp-post-details-content\">\n\t\t\t\t\t\t\t\t<h2 class=\"sp-pcp-title\">\n\t\t\t\t\t\t\t\t\t<a href=\"https:\/\/ctm.ube.fr\/index.php\/2023\/06\/27\/translational-epigenetics-exploring-chromatin-pathways-to-provide-new-clinical-insights\/\"  target=\"_self\">Translational epigenetics: exploring chromatin pathways to provide new clinical insights<\/a>\t\t\t\t\t\t\t<\/h2>\n\t\t\t\t\t\t<div class=\"sp-pcp-post-meta\">\n\t\t\t<ul><li>\t\t\t\t\t<i class=\"fa fa-user\"><\/i>\n\t\t\t\t\t<a href=\"https:\/\/ctm.ube.fr\/index.php\/author\/stagiaire\/\"\n\t\t\t\t\t\trel=\"author\">Stagiaire<\/a>\n\t\t\t\t\t<\/li> <li>\t\t\t\t\t<i class=\"fa fa-calendar\"><\/i>\n\t\t\t\t\t<time class=\"entry-date published updated\">27\/06\/2023<\/time>\n\t\t\t\t\t<\/li><\/ul>\t\t<\/div>\n\t\t\t\t\t<div class=\"sp-pcp-post-content\">\n\t\t\t\t\t<div class=\"sp-pcp-readmore\">\n\t\t\t\t\t\t\t<a class=\"pcp-readmore-link\" target=\"_self\" href=\"https:\/\/ctm.ube.fr\/index.php\/2023\/06\/27\/translational-epigenetics-exploring-chromatin-pathways-to-provide-new-clinical-insights\/\" >\n\t\t\t\t\t\tEn savoir plus <\/a>\n\t\t<\/div>\n\t\t\t\t\t<\/div>\n\t\t\t\t\t\t\t\t<\/div>\n\t\t\t\t<\/div>\n\t\t\t<\/div>\n\t\t<\/div>\n\t\t\t<\/div>\n\t\t<span class=\"sp-pcp-pagination-data\" style=\"display:none;\"><\/span>\n\n\t\t<nav class=\"pcp-post-pagination pcp-on-desktop\">\n\t\t\t<span aria-current=\"page\" class=\"page-numbers current\">1<\/span><a class=\"page-numbers\" href=\"https:\/\/ctm.ube.fr\/index.php\/wp-json\/wp\/v2\/pages\/58\/?paged497=2\">2<\/a><a class=\"next page-numbers\" href=\"https:\/\/ctm.ube.fr\/index.php\/wp-json\/wp\/v2\/pages\/58\/?paged497=2\"><i class=\"fa fa-angle-right\"><\/i><\/a>\t\t<\/nav>\n\t\t\t\t\t<nav class=\"pcp-post-pagination pcp-on-mobile\">\n\t\t\t<span aria-current=\"page\" class=\"page-numbers current\">1<\/span><a class=\"page-numbers\" href=\"https:\/\/ctm.ube.fr\/index.php\/wp-json\/wp\/v2\/pages\/58\/?paged497=2\">2<\/a><a class=\"next page-numbers\" href=\"https:\/\/ctm.ube.fr\/index.php\/wp-json\/wp\/v2\/pages\/58\/?paged497=2\"><i class=\"fa fa-angle-right\"><\/i><\/a>\t\t<\/nav>\n\t\t\t\t<\/div>\n\t\t\t\t<\/div>\n\t\t\t\t<\/div>\n\t\t\t\t\t<\/div>\n\t\t<\/div>\n\t\t\t\t\t<\/div>\n\t\t<\/section>\n\t\t\t\t<section class=\"elementor-section elementor-top-section elementor-element elementor-element-cc231be elementor-section-boxed elementor-section-height-default elementor-section-height-default\" data-id=\"cc231be\" data-element_type=\"section\" data-e-type=\"section\">\n\t\t\t\t\t\t<div class=\"elementor-container elementor-column-gap-default\">\n\t\t\t\t\t<div class=\"elementor-column elementor-col-100 elementor-top-column elementor-element elementor-element-a8037b3\" data-id=\"a8037b3\" data-element_type=\"column\" data-e-type=\"column\">\n\t\t\t<div class=\"elementor-widget-wrap\">\n\t\t\t\t\t\t\t<\/div>\n\t\t<\/div>\n\t\t\t\t\t<\/div>\n\t\t<\/section>\n\t\t\t\t<\/div>\n\t\t","protected":false},"excerpt":{"rendered":"<p>Toutes les Actualit\u00e9s<\/p>\n","protected":false},"author":2,"featured_media":0,"parent":0,"menu_order":0,"comment_status":"closed","ping_status":"closed","template":"","meta":{"footnotes":""},"class_list":["post-58","page","type-page","status-publish","hentry"],"aioseo_notices":[],"_links":{"self":[{"href":"https:\/\/ctm.ube.fr\/index.php\/wp-json\/wp\/v2\/pages\/58","targetHints":{"allow":["GET"]}}],"collection":[{"href":"https:\/\/ctm.ube.fr\/index.php\/wp-json\/wp\/v2\/pages"}],"about":[{"href":"https:\/\/ctm.ube.fr\/index.php\/wp-json\/wp\/v2\/types\/page"}],"author":[{"embeddable":true,"href":"https:\/\/ctm.ube.fr\/index.php\/wp-json\/wp\/v2\/users\/2"}],"replies":[{"embeddable":true,"href":"https:\/\/ctm.ube.fr\/index.php\/wp-json\/wp\/v2\/comments?post=58"}],"version-history":[{"count":5,"href":"https:\/\/ctm.ube.fr\/index.php\/wp-json\/wp\/v2\/pages\/58\/revisions"}],"predecessor-version":[{"id":6904,"href":"https:\/\/ctm.ube.fr\/index.php\/wp-json\/wp\/v2\/pages\/58\/revisions\/6904"}],"wp:attachment":[{"href":"https:\/\/ctm.ube.fr\/index.php\/wp-json\/wp\/v2\/media?parent=58"}],"curies":[{"name":"wp","href":"https:\/\/api.w.org\/{rel}","templated":true}]}}